{"id":3360,"date":"2024-04-12T14:37:48","date_gmt":"2024-04-12T12:37:48","guid":{"rendered":"https:\/\/dijonformation.com\/?page_id=3360"},"modified":"2026-03-24T16:51:33","modified_gmt":"2026-03-24T15:51:33","slug":"bachelor-responsable-commercial-2","status":"publish","type":"page","link":"https:\/\/dijonformation.com\/index.php\/bachelor-responsable-commercial-2\/","title":{"rendered":"Bachelor Responsable du D\u00e9veloppement Commercial"},"content":{"rendered":"<div  data-label=\"Cta\" data-id=\"cta--1\" data-export-id=\"cta-blue-section\" data-category=\"cta\" class=\"cta-blue-section content-section content-section-spacing-medium bg-color1 white-text\" id=\"cta-1\" style=\"background-image: none; background-color: rgb(255, 97, 0);\"><div  class=\"gridContainer\"> <div  class=\"row middle-xs\"><div  class=\"col-sm-8 space-bottom-xs\" data-type=\"column\">  <h3  class=\"\">T\u00e9l\u00e9charger la fiche d\u00e9taill\u00e9e de la formation Responsable du D\u00e9veloppement Commercial<\/h3><\/div> <div  class=\"col-sm-4 end-sm\" data-type=\"column\"> <a  class=\"button color-white dark-text\" href=\"https:\/\/dijonformation.com\/wp-content\/uploads\/2025\/04\/PLAQUETTE-PROGRAMME-BRDC.pdf\" target=\"_blank\" data-cp-link=\"1\" data-icon=\"\" rel=\"noopener\">T\u00c9L\u00c9CHARGER<\/a><\/div> <\/div><\/div> <\/div><div  data-label=\"Content\" data-id=\"content--3\" data-export-id=\"content-12\" data-category=\"content\" class=\"content-12 content-section content-section-spacing\" id=\"content-3\" style=\"background-color: rgb(255, 255, 255);\"><div  class=\"gridContainer\"> <div  class=\"row text-center\"><div  class=\"section-title-col\" data-type=\"column\">  <h2  class=\"\"><span  style=\"font-weight: 600; color: rgb(34, 34, 34);\">Bachelor Responsable du \n<\/span><br ><span  style=\"font-weight: 600; color: rgb(34, 34, 34);\">D\u00e9veloppement Commercial<\/span><\/h2><h3  class=\"\"><span  style=\"font-family: Helvetica, Arial, sans-serif, arial, helvetica, sans-serif;\"><span  style=\"color: rgb(34, 34, 34);\">\nOrganisme certificateur : IMCP<br ><a  data-mce-href=\"https:\/\/www.francecompetences.fr\/recherche\/rncp\/37849\/\" href=\"https:\/\/www.francecompetences.fr\/recherche\/rncp\/37849\" target=\"_blank\" rel=\"noopener\" data-mce-selected=\"inline-boundary\" data-cp-link=\"1\" class=\"\">Fiche RNCP 37849 France Comp\u00e9tences<\/a><\/span><\/span><\/h3><\/div> <\/div> <div  class=\"row center-xs middle-xs\"> <div  class=\"col-sm-9\" data-type=\"column\"><p  class=\"\" style=\"text-align: justify;\"><span  style=\"color: rgb(34, 34, 34);\">Endosser des responsabilit\u00e9s plus ou moins \u00e9largies dans l\u2019\u00e9laboration et la mise en oeuvre de la strat\u00e9gie commerciale et en assurer tout ou partie des activit\u00e9s inh\u00e9rentes. D\u00e9velopper la strat\u00e9gie de croissance de l\u2019entreprise et manager une \u00e9quipe commerciale.<\/span><\/p> <\/div> <\/div><\/div> <\/div><div  data-label=\"Counters\" data-id=\"counters--1\" data-export-id=\"counters-1\" data-category=\"counters\" class=\"counters-1 content-section content-section-spacing\" id=\"counters-1\" style=\"background-color: rgb(255, 255, 255);\"><div  class=\"gridContainer\"> <div  class=\"row text-center\"><div  class=\"section-title-col\" data-type=\"column\"> <h2  class=\"\"><span  style=\"font-weight: 600;\">Taux de r\u00e9ussite<\/span><\/h2> <\/div> <\/div> <div  class=\"row spaced-cols\" data-type=\"row\" data-fixed=\"true\"> <div  class=\"col-xs-12 col-sm-4 space-bottom-small col-padding-xs\"> <div  class=\"circle-counter color1\"> <svg  class=\"circle-svg\" viewBox=\"0 0 100 100\"> <circle  r=\"48\" stroke-linecap=\"round\" cx=\"50\" cy=\"50\" fill=\"transparent\" stroke-dasharray=\"301.6\" stroke-dashoffset=\"301.6px\"><\/circle> <circle  class=\"circle-bar\" r=\"48\" stroke-linecap=\"round\" cx=\"50\" cy=\"50\" fill=\"transparent\" stroke-dasharray=\"301.6\" stroke-dashoffset=\"301.6px\" style=\"stroke-dashoffset: 0px;\"><\/circle><\/svg> <div  class=\"circle-content\"><h2  class=\"font-100\" data-min=\"0\" data-max=\"100\" data-stop=\"100\" data-prefix=\"\" data-suffix=\"%\" data-countup=\"true\" data-duration=\"2000\"><\/h2> <p ><span  style=\"color: rgb(52, 58, 64);\">2023<\/span><\/p><\/div> <\/div><\/div> <div  class=\"col-xs-12 col-sm-4 space-bottom-small col-padding-xs\"><div  class=\"circle-counter color2\"> <svg  class=\"circle-svg\" viewBox=\"0 0 100 100\"><circle  r=\"48\" stroke-linecap=\"round\" cx=\"50\" cy=\"50\" fill=\"transparent\" stroke-dasharray=\"301.6\" stroke-dashoffset=\"301.6px\"><\/circle> <circle  class=\"circle-bar\" r=\"48\" stroke-linecap=\"round\" cx=\"50\" cy=\"50\" fill=\"transparent\" stroke-dasharray=\"301.6\" stroke-dashoffset=\"301.6px\" style=\"stroke-dashoffset: 0px;\"><\/circle><\/svg> <div  class=\"circle-content\"><h2  class=\"font-100\" data-min=\"0\" data-max=\"100\" data-stop=\"100\" data-prefix=\"\" data-suffix=\"%\" data-countup=\"true\" data-duration=\"2000\"><\/h2> <p ><span  style=\"color: rgb(52, 58, 64);\">2024<\/span><\/p><\/div> <\/div><\/div> <div  class=\"col-xs-12 col-sm-4 space-bottom-small col-padding-xs\"><div  class=\"circle-counter color1\"> <svg  class=\"circle-svg\" viewBox=\"0 0 100 100\"><circle  r=\"48\" stroke-linecap=\"round\" cx=\"50\" cy=\"50\" fill=\"transparent\" stroke-dasharray=\"301.6\" stroke-dashoffset=\"301.6px\"><\/circle> <circle  class=\"circle-bar\" r=\"48\" stroke-linecap=\"round\" cx=\"50\" cy=\"50\" fill=\"transparent\" stroke-dasharray=\"301.6\" stroke-dashoffset=\"301.6px\" style=\"stroke-dashoffset: 111.589px;\"><\/circle><\/svg> <div  class=\"circle-content\"><h2  class=\"font-100\" data-min=\"0\" data-max=\"100\" data-stop=\"63\" data-prefix=\"\" data-suffix=\"%\" data-countup=\"true\" data-duration=\"2000\"><\/h2> <p ><span  style=\"color: rgb(52, 58, 64);\">2025<\/span><\/p><\/div> <\/div><\/div> <\/div><\/div> <\/div><div  data-label=\"Overlappable\" data-id=\"overlappable--1\" data-export-id=\"overlappable-4\" data-category=\"overlappable\" class=\"overlappable-4 content-section content-section-spacing\" data-overlap=\"true\" id=\"overlappable-1\" style=\"background-color: rgb(255, 255, 255);\"><div  class=\"gridContainer\"> <div  data-type=\"row\" class=\"row spaced-cols text-center\"><div  class=\"col-xs-12 col-sm-4 col-padding\"> <i  class=\"fa icon shadow-large-black aligncenter fa-clock-o reverse round big color1\"><\/i> <div  data-type=\"column\" class=\"\"> <h5  class=\"\"><span  style=\"font-family: Helvetica, Arial, sans-serif, arial, helvetica, sans-serif; font-weight: 600; color: rgb(34, 34, 34);\">Dur\u00e9e<\/span><\/h5> <p  class=\"\"><span  style=\"color: rgb(60, 66, 79);\">1 an<\/span><span  id=\"_mce_caret\" data-mce-bogus=\"1\" data-mce-type=\"format-caret\"><span  style=\"color: rgb(60, 66, 79);\">\ufeff<\/span><\/span><\/p><\/div> <\/div> <div  class=\"col-xs-12 col-sm-4 col-padding\"> <i  class=\"fa icon shadow-large-black aligncenter fa-calendar reverse round big color1\"><\/i> <div  data-type=\"column\" class=\"\"><h5  class=\"\"><span  style=\"font-family: Helvetica, Arial, sans-serif, arial, helvetica, sans-serif; font-weight: 600; color: rgb(34, 34, 34);\">Rythme<\/span><\/h5> <p  class=\"\" style=\"text-align: center;\"><span  style=\"color: rgb(34, 34, 34);\">1 \u00e0 2 semaines par mois en formation\n<br >Le reste en entreprise<\/span><\/p><\/div> <\/div> <div  class=\"col-xs-12 col-sm-4 col-padding\"> <i  class=\"fa icon shadow-large-black aligncenter fa-mortar-board reverse round big color1\"><\/i> <div  data-type=\"column\" class=\"\"> <h5  class=\"\"><span  style=\"color: rgb(34, 34, 34);\">Accessible apr\u00e8s<\/span><\/h5> <p  class=\"\"><span  style=\"color: rgb(34, 34, 34);\">Bac+2<\/span><\/p><\/div> <\/div><div  class=\"col-xs-12 col-sm-4 col-padding\"> <a  data-cp-link=\"1\" href=\"https:\/\/dijonformation.com\/index.php\/ecole-superieure-de-dijon-formation-2\" target=\"_blank\" rel=\"noopener\"><i  class=\"fa icon shadow-large-black aligncenter fa-building reverse round big color1\"><\/i><\/a> <div  data-type=\"column\" class=\"\"> <h5  class=\"\"><span  style=\"font-family: Helvetica, Arial, sans-serif, arial, helvetica, sans-serif; font-weight: 600; color: rgb(34, 34, 34);\">Campus<\/span><\/h5> <p  class=\"\">Dijon Formation et Chalon Formation<br >\nNos campus sont accessibles aux personnes \u00e0 mobilit\u00e9 r\u00e9duite<\/p><\/div> <\/div><div  class=\"col-xs-12 col-sm-4 col-padding\"> <i  class=\"fa icon shadow-large-black aligncenter fa-folder reverse round big color1\"><\/i> <div  data-type=\"column\" class=\"\"> <h5  class=\"\"><span  style=\"font-family: Helvetica, Arial, sans-serif, arial, helvetica, sans-serif; font-weight: 600; color: rgb(34, 34, 34);\">Contrats<\/span><\/h5> <p  class=\"\"><span  style=\"color: rgb(60, 66, 79);\">Contrat de professionnalisation\n<\/span><br ><span  style=\"color: rgb(60, 66, 79);\">Contrat d\u2019apprentissage\n<br >CPF<\/span>\n<br >Pro A<\/p><\/div> <\/div><div  class=\"col-xs-12 col-sm-4 col-padding\"> <i  class=\"fa icon shadow-large-black aligncenter fa-certificate reverse round big color1\"><\/i> <div  data-type=\"column\" class=\"\"> <h5  class=\"\"><span  style=\"font-family: Helvetica, Arial, sans-serif, arial, helvetica, sans-serif; font-weight: 600; color: rgb(34, 34, 34);\">VAE<\/span><\/h5> <p  class=\"\"><a  data-mce-href=\"https:\/\/vae.gouv.fr\/\" href=\"https:\/\/vae.gouv.fr\" target=\"_blank\" rel=\"noopener\" data-mce-selected=\"inline-boundary\" data-cp-link=\"1\" class=\"\">https:\/\/vae.gouv.fr\/<\/a><\/p><\/div> <\/div><\/div> <\/div><\/div><div  data-label=\"Features\" data-id=\"features--1\" data-export-id=\"features-13\" data-category=\"features\" class=\"features-13 content-section content-section-spacing\" id=\"features-1\" style=\"background-color: rgb(255, 255, 255);\"><div  class=\"gridContainer\"> <div  class=\"row text-center\"><div  class=\"section-title-col\" data-type=\"column\">  <\/div> <\/div> <div  class=\"row spaced-cols center-sm content-center-sm\" data-type=\"row\"> <div  class=\"col col-sm-6 col-md-3 space-bottom\"> <i  class=\"fa icon fa-paper-plane bordered round big color1\"><\/i> <h4  class=\"\"><span  style=\"font-weight: 600; font-family: Helvetica, Arial, sans-serif, arial, helvetica, sans-serif; color: rgb(34, 34, 34);\">Comp\u00e9tences vis\u00e9es<\/span><\/h4> <p  class=\"\" style=\"text-align: justify;\">\u2022<span  style=\"color: rgb(4, 4, 4);\"> R\u00e9aliser le diagnostic strat\u00e9gique de l\u2019entreprise<\/span><br >\u2022<span  style=\"color: rgb(4, 4, 4);\"> D\u00e9finir les objectifs commerciaux, \u00e9laborer le plan d\u2019actions commerciales<\/span><br >\u2022<span  style=\"color: rgb(4, 4, 4);\"> <\/span><span  style=\"color: rgb(4, 4, 4);\">Contr\u00f4ler et m<\/span><span  style=\"color: rgb(4, 4, 4);\">ettre en oeuvre le plan d\u2019actions commerciales, \u00e9valuer la performance commerciale de l\u2019entreprise<\/span><br >\u2022<span  style=\"color: rgb(4, 4, 4);\"> Int\u00e9grer les typologies des clients dans la strat\u00e9gie commerciale, \u00e9tablir une politique de prix<\/span><br >\u2022<span  style=\"color: rgb(4, 4, 4);\"> Mettre en oeuvre et d\u00e9velopper la strat\u00e9gie commerciale omnicanale<\/span><br >\u2022<span  style=\"color: rgb(4, 4, 4);\"> Construire une proposition commerciale sur mesure<\/span> et <span  style=\"color: rgb(4, 4, 4);\">une strat\u00e9gie de n\u00e9gociation commerciale<\/span><br >\u2022 <span  style=\"color: rgb(4, 4, 4);\">D\u00e9velopper le portefeuille clients, impl\u00e9menter une strat\u00e9gie de fid\u00e9lisation des clients<\/span><br >\u2022 <span  style=\"color: rgb(4, 4, 4);\">D\u00e9velopper une strat\u00e9gie de relation client<\/span><br >\u2022<span  style=\"color: rgb(4, 4, 4);\"> Mettre en place des partenariats commerciaux gagnant-gagnant<\/span><br >\u2022<span  style=\"color: rgb(4, 4, 4);\"> D\u00e9terminer le profil de l\u2019\u00e9quipe commerciale<\/span><br >\u2022<span  style=\"color: rgb(4, 4, 4);\"> Composer l\u2019\u00e9quipe commerciale, piloter le processus commercial<\/span><br >\u2022<span  style=\"color: rgb(4, 4, 4);\"> D\u00e9velopper des strat\u00e9gies d\u2019animation et de motivation de l\u2019\u00e9quipe commerciale<\/span><br >\u2022<span  style=\"color: rgb(4, 4, 4);\"> Mettre en place des strat\u00e9gies pour d\u00e9velopper les comp\u00e9tences<\/span><br >\u2022<span  style=\"color: rgb(4, 4, 4);\"> Coordonner les op\u00e9rations commerciales de son \u00e9quipe<\/span><br >\u2022<span  style=\"color: rgb(4, 4, 4);\"> \u00c9valuer les performances commerciales des collaborateurs, contr\u00f4ler l\u2019activit\u00e9 de l\u2019\u00e9quipe commerciale<\/span><\/p> <\/div> <div  class=\"col col-sm-6 col-md-3 space-bottom\"><i  class=\"fa icon fa-bars bordered round big color1\"><\/i> <h4  class=\"\"><span  style=\"font-weight: 600; font-family: Helvetica, Arial, sans-serif, arial, helvetica, sans-serif; color: rgb(34, 34, 34);\">Bloc de comp\u00e9tences<\/span><\/h4> <p  class=\"\" style=\"text-align: justify;\">\u2022<span  style=\"color: rgb(4, 4, 4);\">&nbsp;Bloc 1 : Piloter le d\u00e9veloppement op\u00e9rationnel du plan d\u2019actions commerciales\n<\/span><br >\u2022<span  style=\"color: rgb(4, 4, 4);\">&nbsp;Bloc 2: D\u00e9velopper la strat\u00e9gie de croissance de l\u2019entreprise\n<\/span><br >\u2022<span  style=\"color: rgb(4, 4, 4);\">&nbsp;Bloc 3: Manager une \u00e9quipe commerciale<\/span>\n<\/p> <\/div> <div  class=\"col col-sm-6 col-md-3 space-bottom\"><i  class=\"fa icon fa-check-circle bordered round big color1\"><\/i> <h4  class=\"\"><span  style=\"font-weight: 600; font-family: Helvetica, Arial, sans-serif, arial, helvetica, sans-serif; color: rgb(34, 34, 34);\">Modalit\u00e9s d\u2019\u00e9valuation<\/span><\/h4> <p  class=\"\" style=\"text-align: justify;\">\u2022 <span  style=\"color: rgb(4, 4, 4);\">Etudes de cas&nbsp;<\/span>\u2022 Dossier \u00e9crit et pr\u00e9sentation orale devant un jury.<br >\u2022<span  style=\"color: rgb(4, 4, 4);\">&nbsp;<\/span>Mise en situation professionnelle reconstitu\u00e9e\n<br ><br >Description des modalit\u00e9s d\u2019acquisition de la certification par capitalisation des blocs de comp\u00e9tences et\/ou par correspondance :<br >\nAfin de se pr\u00e9senter  devant  le jury du Grand Oral, le candidat doit :<br >\u2022 01 avoir \u00e9t\u00e9 \u00e9valu\u00e9 \u00e0 toutes les \u00e9preuves de la certification,<br >\u2022 02 avoir \u00e9t\u00e9 \u00e9valu\u00e9 par son tuteur ou son ma\u00eetre de stage en situation de travail en produisant une \u00e9valuation professionnelle compl\u00e9t\u00e9e,<br >\u2022 03 avoir transmis son passeport certification<br >\u2022 04 avoir compl\u00e9t\u00e9 son  auto-\u00e9valuation m\u00e9tiers et comportementale<br >\nPour \u00eatre admis \u00e0 la certification, l\u2019apprenant doit avoir valid\u00e9 TOUS les blocs de comp\u00e9tences.<br >\nPour valider un bloc de comp\u00e9tences, toutes les comp\u00e9tences  du bloc doivent \u00eatre valid\u00e9es.<\/p> <\/div> <div  class=\"col col-sm-6 col-md-3 space-bottom\"><i  class=\"fa icon fa-star bordered round big color1\"><\/i> <h4  class=\"\"><span  style=\"font-weight: 600; font-family: Helvetica, Arial, sans-serif, arial, helvetica, sans-serif; color: rgb(34, 34, 34);\">D\u00e9bouch\u00e9s acad\u00e9miques et professionnels<\/span><\/h4> <p  class=\"\" style=\"text-align: justify;\">\u2022 Responsable \/ charg\u00e9 du d\u00e9veloppement commercial, responsable d\u00e9veloppement,<br >\n\u2022 Responsable commercial, responsable de la strat\u00e9gie commerciale, responsable technico-commercial,<br >\n\u2022 Responsable d\u00e9veloppement \/ business developer,<br >\n\u2022 Responsable du d\u00e9veloppement des ventes, responsable \/ manager des forces de vente, responsable de la promotion des ventes, chef des ventes, responsable e-commerce, sales manager,<br >\n\u2022 Responsable \/ charg\u00e9 \/ ing\u00e9nieur d&#8217;affaires,<br >\n\u2022 Responsable \/ ing\u00e9nieur-commercial grands comptes, gestionnaire \/ n\u00e9gociateur de comptes,<br >\n\u2022 Consultant \/ conseil en d\u00e9veloppement commercial, consultant \/ conseil en strat\u00e9gie commerciale et d\u00e9veloppement commercial,<br >\n\u2022 Responsable de comptes \/ charg\u00e9 de comptes \/ account executive, responsable de la relation clients,<br >\n\u2022 Sales manager, sales operations manager (SalesOps), sales developpement representative (SDR), responsable grands comptes \/ key account manager (KAM) \/ global account manager.<\/p> <\/div> <div  class=\"col col-sm-6 col-md-3 space-bottom\"> <i  class=\"fa icon fa-paper-plane bordered round big color1\"><\/i> <h4  class=\"\"><span style=\"font-weight: 700;\" >Indicateurs<\/span>: Taux<\/h4> <p  class=\"\" style=\"text-align: left;\">\u2022 Insertion globale des titulaires: 100 %<br >\u2022 Insertion des titulaires dans les emplois vis\u00e9s : 100%<br >\u2022 Moyen de r\u00e9ussite \u00e0 l&#8217;examen : 89 %<br >\u2022 Moyen de pr\u00e9sentation \u00e0 l&#8217;examen pour toutes les personnes ayant initi\u00e9 ce parcours : 100%<\/p> <\/div><\/div><\/div> <\/div><div  data-label=\"Content\" data-id=\"content--4\" data-export-id=\"content-12\" data-category=\"content\" class=\"content-12 content-section content-section-spacing\" id=\"content-4\" style=\"background-color: rgb(245, 250, 253);\"><div  class=\"gridContainer\"> <div  class=\"row text-center\"><div  class=\"section-title-col\" data-type=\"column\">  <h2  class=\"\"><span  style=\"color: rgb(52, 58, 64); font-weight: 600;\">Conditions d\u2019admission pour la formation<\/span><br ><span  style=\"color: rgb(52, 58, 64); font-weight: 600;\">\nBachelor Responsable du D\u00e9veloppement Commercial<\/span><\/h2><\/div> <\/div> <div  class=\"row center-xs middle-xs\"> <div  class=\"col-sm-9\" data-type=\"column\"> <p  class=\"\" style=\"text-align: justify;\"><span  style=\"font-weight: 400;\"><span  style=\"color: rgb(52, 58, 64);\">La formation est organis\u00e9e par Dijon Formation. Elle est ouverte aux candidats titulaires d\u2019un Bac+2 valid\u00e9 ou ayant suivi un enseignement de niveau 5 <\/span>(anciennement III)<span  style=\"color: rgb(52, 58, 64);\">, ou aux personnes pouvant justifier de 3 ann\u00e9es d\u2019exp\u00e9rience dans le secteur. La s\u00e9lection se fait sur \u00e9tude du dossier de candidature et entretien individuel de motivation au sein de Dijon Formation. Cet entretien avec un de nos conseillers formation est accessible apr\u00e8s une pr\u00e9inscription en ligne sur le site internet www.dijonformation.com : onglet pr\u00e9inscription.<\/span><\/span><\/p><\/div> <\/div><\/div> <\/div><div  data-label=\"Content\" data-id=\"content--2\" data-export-id=\"content-7\" data-category=\"content\" class=\"content-7 content-section content-section-spacing\" id=\"content-2\" style=\"background-color: rgb(245, 250, 253);\"><div  class=\"gridContainer\"> <div  class=\"row middle-sm\"><div  class=\"col-sm-6 space-bottom-xs\" data-type=\"column\">  <p  class=\"\" style=\"text-align: justify;\"><span  style=\"color: rgb(60, 66, 79);\">\n<span  style=\"color: rgb(34, 34, 34);\">Dijon Formation, sp\u00e9cialiste de la formation sup\u00e9rieure par alternance en Bourgogne vous propose la formation Bachelor&nbsp;Responsable du D\u00e9veloppement Commercial d\u2019un an. Elle vise une Certification professionnelle reconnue par l\u2019\u00e9tat de niveau 6 (Bac+3). Cette formation est accessible en contrat de professionnalisation et en contrat d\u2019apprentissage.\n<\/span><br ><span  style=\"color: rgb(34, 34, 34);\">Certification professionnelle enregistr\u00e9e pour deux ans au RNCP (N\u00b0 Fiche RNCP 37849) sur d\u00e9cision du directeur g\u00e9n\u00e9ral de France Comp\u00e9tences en date du 19 Juillet 2023, au niveau de qualification 6, avec le code NSF 312, sous l\u2019intitul\u00e9 Responsable du d\u00e9veloppement commercial, avec effet jusqu\u2019au 19 Juillet 2026, d\u00e9livr\u00e9e par IMCP, l\u2019organisme certificateur. Cette certification est constitu\u00e9e de 3 blocs de comp\u00e9tences. Les blocs de comp\u00e9tences repr\u00e9sentent une modalit\u00e9 d\u2019acc\u00e8s modulaire et progressive \u00e0 la certification, dans le cadre d\u2019un parcours de formation ou d\u2019un processus de VAE, ou d\u2019une combinatoire de ces modalit\u00e9s d\u2019acc\u00e8s. Cette certification professionnelle est inscrite sur la liste des certifications professionnelles RNCP 37849 sous le code dipl\u00f4me : 26X31015.<\/span><\/span><\/p> <\/div> <div  class=\"col-sm-6\" data-type=\"column\"> <a  data-cp-link=\"1\" href=\"https:\/\/admtc.fr\" class=\"\" target=\"_blank\" rel=\"noopener\"><img  decoding=\"async\" class=\"shadow-large\" src=\"https:\/\/dijonformation.com\/wp-content\/uploads\/2024\/04\/cropped-LOGO-IMCP.png\" title=\"rocketschool\" alt=\"\"><\/a><\/div> <\/div><\/div> <\/div><div  data-label=\"Cta\" data-id=\"cta--2\" data-export-id=\"cta-centered-bg-section\" data-category=\"cta\" data-section-ov=\"1\" class=\"cta-centered-bg-section content-section content-section-spacing-medium white-text\" data-parallax-depth=\"20\" id=\"cta-2\" style=\"background-color: rgb(255, 97, 0); background-image: none;\"><div  class=\"gridContainer\"> <div  class=\"row text-center\"><div  data-type=\"column\" class=\"\"> <h3  class=\"\"><span  style=\"font-family: Muli, arial, helvetica, sans-serif;\">Pour plus d\u2019informations, \npr\u00e9inscrivez-vous<\/span><\/h3> <a  class=\"button color-white\" href=\"https:\/\/inscriptions.dijonformation.com\/bienvenue?site=dijon\" target=\"_blank\" data-cp-link=\"1\" data-icon=\"\" rel=\"noopener\">SE PR\u00c9INSCRIRE<\/a><\/div> <\/div><\/div> <\/div>","protected":false},"excerpt":{"rendered":"<p>T\u00e9l\u00e9charger la fiche d\u00e9taill\u00e9e de la formation Responsable du D\u00e9veloppement Commercial T\u00c9L\u00c9CHARGER Bachelor Responsable du D\u00e9veloppement Commercial Organisme certificateur : IMCPFiche RNCP 37849 France Comp\u00e9tences Endosser des responsabilit\u00e9s plus ou moins \u00e9largies dans l\u2019\u00e9laboration et la mise en oeuvre de la strat\u00e9gie commerciale et en assurer tout ou partie des activit\u00e9s inh\u00e9rentes. D\u00e9velopper la strat\u00e9gie&hellip; <br \/> <a class=\"read-more\" href=\"https:\/\/dijonformation.com\/index.php\/bachelor-responsable-commercial-2\/\">Read more<\/a><\/p>\n","protected":false},"author":1,"featured_media":0,"parent":0,"menu_order":0,"comment_status":"closed","ping_status":"closed","template":"pro\/page-templates\/full-width-page.php","meta":{"om_disable_all_campaigns":false,"_uf_show_specific_survey":0,"_uf_disable_surveys":false,"footnotes":""},"class_list":["post-3360","page","type-page","status-publish","hentry"],"aioseo_notices":[],"yoast_head":"<!-- This site is optimized with the Yoast SEO plugin v26.8 - https:\/\/yoast.com\/product\/yoast-seo-wordpress\/ -->\n<title>Bachelor Responsable Marketing Commercial<\/title>\n<meta name=\"description\" content=\"Dijon Formation forme ses alternants au Bachelor Responsable Marketing Commercial et sp\u00e9cialise en Acquisition Num\u00e9rique ses Bac+3.\" \/>\n<meta name=\"robots\" content=\"index, follow, max-snippet:-1, max-image-preview:large, max-video-preview:-1\" \/>\n<link rel=\"canonical\" href=\"https:\/\/dijonformation.com\/index.php\/bachelor-responsable-commercial-2\/\" \/>\n<meta property=\"og:locale\" content=\"fr_FR\" \/>\n<meta property=\"og:type\" content=\"article\" \/>\n<meta property=\"og:title\" content=\"Bachelor Responsable Marketing Commercial\" \/>\n<meta property=\"og:description\" content=\"Dijon Formation forme ses alternants au Bachelor Responsable Marketing Commercial et sp\u00e9cialise en Acquisition Num\u00e9rique ses Bac+3.\" \/>\n<meta property=\"og:url\" content=\"https:\/\/dijonformation.com\/index.php\/bachelor-responsable-commercial-2\/\" \/>\n<meta property=\"og:site_name\" content=\"Dijon Formation\" \/>\n<meta property=\"article:publisher\" content=\"https:\/\/www.facebook.com\/dijonfo\/\" \/>\n<meta property=\"article:modified_time\" content=\"2026-03-24T15:51:33+00:00\" \/>\n<meta property=\"og:image\" content=\"https:\/\/dijonformation.com\/wp-content\/uploads\/2024\/04\/cropped-LOGO-IMCP.png\" \/>\n<meta name=\"twitter:card\" content=\"summary_large_image\" \/>\n<meta name=\"twitter:label1\" content=\"Dur\u00e9e de lecture estim\u00e9e\" \/>\n\t<meta name=\"twitter:data1\" content=\"4 minutes\" \/>\n<script type=\"application\/ld+json\" class=\"yoast-schema-graph\">{\"@context\":\"https:\/\/schema.org\",\"@graph\":[{\"@type\":\"WebPage\",\"@id\":\"https:\/\/dijonformation.com\/index.php\/bachelor-responsable-commercial-2\/\",\"url\":\"https:\/\/dijonformation.com\/index.php\/bachelor-responsable-commercial-2\/\",\"name\":\"Bachelor Responsable Marketing Commercial\",\"isPartOf\":{\"@id\":\"https:\/\/dijonformation.com\/#website\"},\"primaryImageOfPage\":{\"@id\":\"https:\/\/dijonformation.com\/index.php\/bachelor-responsable-commercial-2\/#primaryimage\"},\"image\":{\"@id\":\"https:\/\/dijonformation.com\/index.php\/bachelor-responsable-commercial-2\/#primaryimage\"},\"thumbnailUrl\":\"https:\/\/dijonformation.com\/wp-content\/uploads\/2024\/04\/cropped-LOGO-IMCP.png\",\"datePublished\":\"2024-04-12T12:37:48+00:00\",\"dateModified\":\"2026-03-24T15:51:33+00:00\",\"description\":\"Dijon Formation forme ses alternants au Bachelor Responsable Marketing Commercial et sp\u00e9cialise en Acquisition Num\u00e9rique ses Bac+3.\",\"breadcrumb\":{\"@id\":\"https:\/\/dijonformation.com\/index.php\/bachelor-responsable-commercial-2\/#breadcrumb\"},\"inLanguage\":\"fr-FR\",\"potentialAction\":[{\"@type\":\"ReadAction\",\"target\":[\"https:\/\/dijonformation.com\/index.php\/bachelor-responsable-commercial-2\/\"]}]},{\"@type\":\"ImageObject\",\"inLanguage\":\"fr-FR\",\"@id\":\"https:\/\/dijonformation.com\/index.php\/bachelor-responsable-commercial-2\/#primaryimage\",\"url\":\"https:\/\/dijonformation.com\/wp-content\/uploads\/2024\/04\/cropped-LOGO-IMCP.png\",\"contentUrl\":\"https:\/\/dijonformation.com\/wp-content\/uploads\/2024\/04\/cropped-LOGO-IMCP.png\",\"width\":550,\"height\":237},{\"@type\":\"BreadcrumbList\",\"@id\":\"https:\/\/dijonformation.com\/index.php\/bachelor-responsable-commercial-2\/#breadcrumb\",\"itemListElement\":[{\"@type\":\"ListItem\",\"position\":1,\"name\":\"Accueil\",\"item\":\"https:\/\/dijonformation.com\/\"},{\"@type\":\"ListItem\",\"position\":2,\"name\":\"Bachelor Responsable du D\u00e9veloppement Commercial\"}]},{\"@type\":\"WebSite\",\"@id\":\"https:\/\/dijonformation.com\/#website\",\"url\":\"https:\/\/dijonformation.com\/\",\"name\":\"Dijon Formation\",\"description\":\"Dijon Formation l&#039;\u00e9cole sup\u00e9rieure 100% alternance de Bac +2 \u00e0 Bac +5\",\"publisher\":{\"@id\":\"https:\/\/dijonformation.com\/#organization\"},\"potentialAction\":[{\"@type\":\"SearchAction\",\"target\":{\"@type\":\"EntryPoint\",\"urlTemplate\":\"https:\/\/dijonformation.com\/?s={search_term_string}\"},\"query-input\":{\"@type\":\"PropertyValueSpecification\",\"valueRequired\":true,\"valueName\":\"search_term_string\"}}],\"inLanguage\":\"fr-FR\"},{\"@type\":\"Organization\",\"@id\":\"https:\/\/dijonformation.com\/#organization\",\"name\":\"Dijon Formation\",\"url\":\"https:\/\/dijonformation.com\/\",\"logo\":{\"@type\":\"ImageObject\",\"inLanguage\":\"fr-FR\",\"@id\":\"https:\/\/dijonformation.com\/#\/schema\/logo\/image\/\",\"url\":\"https:\/\/dijonformation.com\/wp-content\/uploads\/2024\/03\/cropped-LOGO-SITE-DIJON-ISMACC-1.png\",\"contentUrl\":\"https:\/\/dijonformation.com\/wp-content\/uploads\/2024\/03\/cropped-LOGO-SITE-DIJON-ISMACC-1.png\",\"width\":3248,\"height\":512,\"caption\":\"Dijon Formation\"},\"image\":{\"@id\":\"https:\/\/dijonformation.com\/#\/schema\/logo\/image\/\"},\"sameAs\":[\"https:\/\/www.facebook.com\/dijonfo\/\",\"https:\/\/www.linkedin.com\/company\/dijon-formation\",\"https:\/\/www.instagram.com\/dijon_formation\/\"]}]}<\/script>\n<!-- \/ Yoast SEO plugin. -->","yoast_head_json":{"title":"Bachelor Responsable Marketing Commercial","description":"Dijon Formation forme ses alternants au Bachelor Responsable Marketing Commercial et sp\u00e9cialise en Acquisition Num\u00e9rique ses Bac+3.","robots":{"index":"index","follow":"follow","max-snippet":"max-snippet:-1","max-image-preview":"max-image-preview:large","max-video-preview":"max-video-preview:-1"},"canonical":"https:\/\/dijonformation.com\/index.php\/bachelor-responsable-commercial-2\/","og_locale":"fr_FR","og_type":"article","og_title":"Bachelor Responsable Marketing Commercial","og_description":"Dijon Formation forme ses alternants au Bachelor Responsable Marketing Commercial et sp\u00e9cialise en Acquisition Num\u00e9rique ses Bac+3.","og_url":"https:\/\/dijonformation.com\/index.php\/bachelor-responsable-commercial-2\/","og_site_name":"Dijon Formation","article_publisher":"https:\/\/www.facebook.com\/dijonfo\/","article_modified_time":"2026-03-24T15:51:33+00:00","og_image":[{"url":"https:\/\/dijonformation.com\/wp-content\/uploads\/2024\/04\/cropped-LOGO-IMCP.png","type":"","width":"","height":""}],"twitter_card":"summary_large_image","twitter_misc":{"Dur\u00e9e de lecture estim\u00e9e":"4 minutes"},"schema":{"@context":"https:\/\/schema.org","@graph":[{"@type":"WebPage","@id":"https:\/\/dijonformation.com\/index.php\/bachelor-responsable-commercial-2\/","url":"https:\/\/dijonformation.com\/index.php\/bachelor-responsable-commercial-2\/","name":"Bachelor Responsable Marketing Commercial","isPartOf":{"@id":"https:\/\/dijonformation.com\/#website"},"primaryImageOfPage":{"@id":"https:\/\/dijonformation.com\/index.php\/bachelor-responsable-commercial-2\/#primaryimage"},"image":{"@id":"https:\/\/dijonformation.com\/index.php\/bachelor-responsable-commercial-2\/#primaryimage"},"thumbnailUrl":"https:\/\/dijonformation.com\/wp-content\/uploads\/2024\/04\/cropped-LOGO-IMCP.png","datePublished":"2024-04-12T12:37:48+00:00","dateModified":"2026-03-24T15:51:33+00:00","description":"Dijon Formation forme ses alternants au Bachelor Responsable Marketing Commercial et sp\u00e9cialise en Acquisition Num\u00e9rique ses Bac+3.","breadcrumb":{"@id":"https:\/\/dijonformation.com\/index.php\/bachelor-responsable-commercial-2\/#breadcrumb"},"inLanguage":"fr-FR","potentialAction":[{"@type":"ReadAction","target":["https:\/\/dijonformation.com\/index.php\/bachelor-responsable-commercial-2\/"]}]},{"@type":"ImageObject","inLanguage":"fr-FR","@id":"https:\/\/dijonformation.com\/index.php\/bachelor-responsable-commercial-2\/#primaryimage","url":"https:\/\/dijonformation.com\/wp-content\/uploads\/2024\/04\/cropped-LOGO-IMCP.png","contentUrl":"https:\/\/dijonformation.com\/wp-content\/uploads\/2024\/04\/cropped-LOGO-IMCP.png","width":550,"height":237},{"@type":"BreadcrumbList","@id":"https:\/\/dijonformation.com\/index.php\/bachelor-responsable-commercial-2\/#breadcrumb","itemListElement":[{"@type":"ListItem","position":1,"name":"Accueil","item":"https:\/\/dijonformation.com\/"},{"@type":"ListItem","position":2,"name":"Bachelor Responsable du D\u00e9veloppement Commercial"}]},{"@type":"WebSite","@id":"https:\/\/dijonformation.com\/#website","url":"https:\/\/dijonformation.com\/","name":"Dijon Formation","description":"Dijon Formation l&#039;\u00e9cole sup\u00e9rieure 100% alternance de Bac +2 \u00e0 Bac +5","publisher":{"@id":"https:\/\/dijonformation.com\/#organization"},"potentialAction":[{"@type":"SearchAction","target":{"@type":"EntryPoint","urlTemplate":"https:\/\/dijonformation.com\/?s={search_term_string}"},"query-input":{"@type":"PropertyValueSpecification","valueRequired":true,"valueName":"search_term_string"}}],"inLanguage":"fr-FR"},{"@type":"Organization","@id":"https:\/\/dijonformation.com\/#organization","name":"Dijon Formation","url":"https:\/\/dijonformation.com\/","logo":{"@type":"ImageObject","inLanguage":"fr-FR","@id":"https:\/\/dijonformation.com\/#\/schema\/logo\/image\/","url":"https:\/\/dijonformation.com\/wp-content\/uploads\/2024\/03\/cropped-LOGO-SITE-DIJON-ISMACC-1.png","contentUrl":"https:\/\/dijonformation.com\/wp-content\/uploads\/2024\/03\/cropped-LOGO-SITE-DIJON-ISMACC-1.png","width":3248,"height":512,"caption":"Dijon Formation"},"image":{"@id":"https:\/\/dijonformation.com\/#\/schema\/logo\/image\/"},"sameAs":["https:\/\/www.facebook.com\/dijonfo\/","https:\/\/www.linkedin.com\/company\/dijon-formation","https:\/\/www.instagram.com\/dijon_formation\/"]}]}},"_links":{"self":[{"href":"https:\/\/dijonformation.com\/index.php\/wp-json\/wp\/v2\/pages\/3360","targetHints":{"allow":["GET"]}}],"collection":[{"href":"https:\/\/dijonformation.com\/index.php\/wp-json\/wp\/v2\/pages"}],"about":[{"href":"https:\/\/dijonformation.com\/index.php\/wp-json\/wp\/v2\/types\/page"}],"author":[{"embeddable":true,"href":"https:\/\/dijonformation.com\/index.php\/wp-json\/wp\/v2\/users\/1"}],"replies":[{"embeddable":true,"href":"https:\/\/dijonformation.com\/index.php\/wp-json\/wp\/v2\/comments?post=3360"}],"version-history":[{"count":40,"href":"https:\/\/dijonformation.com\/index.php\/wp-json\/wp\/v2\/pages\/3360\/revisions"}],"predecessor-version":[{"id":6667,"href":"https:\/\/dijonformation.com\/index.php\/wp-json\/wp\/v2\/pages\/3360\/revisions\/6667"}],"wp:attachment":[{"href":"https:\/\/dijonformation.com\/index.php\/wp-json\/wp\/v2\/media?parent=3360"}],"curies":[{"name":"wp","href":"https:\/\/api.w.org\/{rel}","templated":true}]}}