{"id":5080,"date":"2024-09-18T17:49:07","date_gmt":"2024-09-18T15:49:07","guid":{"rendered":"https:\/\/dijonformation.com\/?page_id=5080"},"modified":"2026-03-11T15:52:17","modified_gmt":"2026-03-11T14:52:17","slug":"salons-et-portes-ouvertes","status":"publish","type":"page","link":"https:\/\/dijonformation.com\/index.php\/salons-et-portes-ouvertes\/","title":{"rendered":"Salons et Portes Ouvertes"},"content":{"rendered":"<div  data-label=\"Overlappable\" data-id=\"overlappable--1\" data-export-id=\"overlappable-1\" data-category=\"overlappable\" class=\"overlappable-1 content-section content-section-spacing\" data-overlap=\"true\" id=\"overlappable-1\" style=\"background-color: rgb(255, 255, 255);\"><div  class=\"gridContainer\"> <div  data-type=\"row\" class=\"row shadow-medium center-sm content-center-sm\"><div  data-type=\"column\" class=\"col-xs-12 col-sm-4 flexcol col-padding col-padding-small-xs bg-color6\">    <h2  class=\"\"><span  style=\"color: rgb(255, 255, 255); font-weight: 600;\">SALONS<\/span><\/h2><h3  class=\"\"><span  style=\"font-weight: 600; color: rgb(255, 255, 255); font-family: Helvetica, Arial, sans-serif, arial, helvetica, sans-serif;\">Salon L\u2019Etudiant<\/span><span  id=\"_mce_caret\" data-mce-bogus=\"1\" data-mce-type=\"format-caret\"><span  style=\"color: rgb(255, 255, 255); font-weight: 600; font-family: Helvetica, Arial, sans-serif, arial, helvetica, sans-serif;\">\ufeff<\/span><\/span><\/h3><p  class=\"lead\" style=\"text-align: justify;\"><span  style=\"color: rgb(255, 255, 255); font-weight: 400;\">Samedi 27 septembre 2025 : 9h \u00e0 17h<\/span><\/p><p  class=\"\"><span  style=\"color: rgb(255, 255, 255);\">Dijon, Parc des Expositions<\/span><\/p><h3  class=\"\"><span  style=\"color: rgb(255, 255, 255); font-family: Helvetica, Arial, sans-serif, arial, helvetica, sans-serif;\">Salon Studyrama<\/span><\/h3><p  class=\"lead\" style=\"text-align: justify;\"><span  style=\"color: rgb(255, 255, 255);\">\u2022<\/span> <span  style=\"font-weight: 400; color: rgb(255, 255, 255);\">Vendredi 21 novembre 2025 : 9h \u00e0 16h<\/span><br ><span  style=\"color: rgb(255, 255, 255);\">\u2022 <\/span><span  style=\"font-weight: 400; color: rgb(255, 255, 255);\">Samedi 22 novembre 2025 : 10h \u00e0 17h<\/span><\/p><p  class=\"\"><span  style=\"color: rgb(255, 255, 255);\">Dijon, Parc des Expositions \u2013 Hall 2<\/span><\/p><h3  class=\"\"><span  style=\"color: rgb(255, 255, 255); font-family: Helvetica, Arial, sans-serif, arial, helvetica, sans-serif;\">Salon Studyrama Sup\u2019Alternance<\/span><\/h3><p  class=\"lead\" style=\"text-align: justify;\"><span  style=\"color: rgb(255, 255, 255); font-weight: 400;\">Samedi 10 janvier 2026 : 10h \u00e0 17h<\/span><\/p><p  class=\"\"><span  style=\"color: rgb(255, 255, 255);\">Dijon, Palais des Congr\u00e8s \u2013 Hall des Grands Ech\u00e9zeaux<\/span><\/p><h3  class=\"\"><span  style=\"color: rgb(255, 255, 255); font-weight: 700;\">Apprentissimo<\/span><\/h3><p  class=\"lead\"><span  style=\"color: rgb(255, 255, 255);\">Jeudi 29 janvier 2026 : 9h \u00e0 18h&nbsp;<\/span><\/p><p  class=\"\"><span  style=\"color: rgb(255, 255, 255);\">Dijon, Parc des Expositions<\/span><\/p><\/div>   <div  data-type=\"column\" class=\"col-xs-12 col-sm-4 flexcol col-padding col-padding-small-xs bg-color1\">    <h2  class=\"\"><span  style=\"color: rgb(255, 255, 255); font-weight: 600;\">JOURN\u00c9ES PORTES OUVERTES<\/span><\/h2><h3  class=\"\"><span  style=\"color: rgb(255, 255, 255); font-family: Helvetica, Arial, sans-serif, arial, helvetica, sans-serif;\">Campus\n<\/span><br ><span  style=\"color: rgb(255, 255, 255); font-family: Helvetica, Arial, sans-serif, arial, helvetica, sans-serif;\">Dijon Formation<\/span><\/h3><p  class=\"lead\" style=\"text-align: justify;\"><span  style=\"color: rgb(255, 255, 255);\"><span  style=\"font-weight: 400;\">\u2022&nbsp;<\/span>Mercredi 8 octobre 2025 : 9h \u00e0 18h<\/span><br ><span  style=\"color: rgb(255, 255, 255);\">\u2022 Samedi 29 novembre 2025 : 9h \u00e0 15h<\/span><br ><span  style=\"color: rgb(255, 255, 255);\">\u2022 Mercredi 14 janvier 2026 : 9h \u00e0 18h<\/span><br ><span  style=\"color: rgb(255, 255, 255);\">\u2022 Mercredi 21 janvier 2026 : 9h \u00e0 18h<\/span><br ><span  style=\"color: rgb(255, 255, 255);\">\u2022 Samedi 31 janvier 2026 : 9h \u00e0 15h<\/span><br ><span  style=\"color: rgb(255, 255, 255);\">\u2022 Mercredi 11 f\u00e9vrier 2026 : 9h \u00e0 18h<\/span><br ><span  style=\"color: rgb(255, 255, 255);\">\u2022&nbsp;Mercredi 25 f\u00e9vrier 2026 : 9h \u00e0 18h<\/span><br ><span  style=\"color: rgb(255, 255, 255);\">\u2022 Mercredi 4 mars 2026 : 9h \u00e0 18h\n<br >\u2022 Mercredi 22 avril 2026 : 9h \u00e0 18h\n<br >\u2022 Samedi 25 avril 2026 : 9h \u00e0 13h<\/span><\/p><p  class=\"\"><span  style=\"color: rgb(255, 255, 255);\">7 boulevard de l\u2019Europe, 21800 Qu\u00e9tigny<\/span><\/p><\/div><\/div><\/div> <\/div><div  data-label=\"Testimonials\" data-id=\"testimonials--1\" data-export-id=\"testimonials-1\" data-category=\"testimonials\" class=\"testimonials-1 content-section content-section-spacing\" id=\"testimonials-1\" style=\"background-color: rgb(255, 255, 255);\"><div  class=\"gridContainer\"> <div  class=\"row\"><div  data-type=\"column\" class=\"section-title-col\"> <h2  class=\"\"><span  style=\"font-weight: 600;\">Programme salons et journ\u00e9es portes ouvertes en 2025 et 2026<\/span><\/h2> <p  class=\"lead\"><span  style=\"font-weight: 400; color: rgb(34, 34, 34);\">Calendrier des salons et journ\u00e9es portes ouvertes de Dijon Formation mois par mois.<\/span><\/p><\/div> <\/div> <div  class=\"row spaced-cols content-center-sm\" data-type=\"row\"> <div  class=\"col-xs-12 col-sm-6 col-md-3\"> <a  data-cp-link=\"1\" href=\"#\" class=\"\" target=\"_self\" rel=\"noopener\"><i  class=\"fa icon quotation-icon fa-calendar small color1\"><\/i><\/a> <h3  class=\"\"><span  style=\"color: rgb(255, 97, 0); font-weight: 700;\">Septembre 2025<\/span><\/h3>   <h4  class=\"\"><span  style=\"color: rgb(34, 34, 34); font-family: Helvetica, Arial, sans-serif, arial, helvetica, sans-serif;\">Salon L\u2019Etudiant<\/span><\/h4><p  class=\"\" style=\"text-align: center;\">Samedi 27 septembre 2025 : 9h \u00e0 17h<\/p><\/div>   <div  class=\"col-xs-12 col-sm-6 col-md-3\"> <a  data-cp-link=\"1\" href=\"#\" class=\"\" target=\"_self\" rel=\"noopener\"><i  class=\"fa icon quotation-icon fa-calendar small color1\"><\/i><\/a> <h3  class=\"\"><span  style=\"color: rgb(255, 97, 0); font-weight: 700;\">Octobre 2025<\/span><\/h3>   <h4  class=\"\"><span  style=\"font-weight: 700; font-family: Helvetica, Arial, sans-serif, arial, helvetica, sans-serif; color: rgb(4, 4, 4);\">Journ\u00e9es portes ouvertes<\/span><\/h4><p  class=\"\" style=\"text-align: center;\">Mercredi 8 octobre 2025 : 9h \u00e0 18h<\/p><\/div><div  class=\"col-xs-12 col-sm-6 col-md-3\"> <a  data-cp-link=\"1\" href=\"#\" class=\"\" target=\"_self\" rel=\"noopener\"><i  class=\"fa icon quotation-icon fa-calendar small color1\"><\/i><\/a> <h3  class=\"\"><span  style=\"color: rgb(255, 97, 0); font-weight: 700;\">Novembre 2025<\/span><\/h3>   <h4  class=\"\"><span  style=\"font-family: Helvetica, Arial, sans-serif, arial, helvetica, sans-serif; color: rgb(34, 34, 34);\">Salon Studyrama<\/span><\/h4><p  class=\"\">Vendredi 21 novembre 2025 : 9h \u00e0 16h<br >Samedi 22 novembre 2025 : 10h \u00e0 17h<\/p><h4  class=\"\"><span  style=\"font-family: Helvetica, Arial, sans-serif, arial, helvetica, sans-serif; color: rgb(34, 34, 34);\">Journ\u00e9es portes ouvertes<\/span><\/h4><p  class=\"\">Samedi 29 novembre 2025 : 9h \u00e0 15h<\/p><\/div><div  class=\"col-xs-12 col-sm-6 col-md-3\"> <a  data-cp-link=\"1\" href=\"#\" class=\"\" target=\"_self\" rel=\"noopener\"><i  class=\"fa icon quotation-icon fa-calendar small color1\"><\/i><\/a> <h3  class=\"\"><span  style=\"color: rgb(255, 97, 0); font-weight: 700;\">Janvier 2026<\/span><\/h3>   <h5  class=\"\">Salon Studyrama Sup\u2019Alternance<span  id=\"_mce_caret\" data-mce-bogus=\"1\" data-mce-type=\"format-caret\"><span  style=\"color: rgb(4, 4, 4);\">\ufeff<\/span><\/span><\/h5><p  class=\"\">Samedi 10 janvier 2026 : 10h \u00e0 17h<\/p><h4  class=\"\"><span  style=\"font-family: Helvetica, Arial, sans-serif, arial, helvetica, sans-serif; font-weight: 600; color: rgb(34, 34, 34);\">Journ\u00e9es portes ouvertes<\/span><\/h4><p  class=\"\" style=\"text-align: center;\"><span  style=\"color: rgb(52, 58, 64);\">Mercredi 14 janvier 2026 : 9h \u00e0 18h<\/span><br ><span  style=\"color: rgb(52, 58, 64);\">Mercredi 21 janvier 2026 : 9h \u00e0 18h\n<br >Samedi 31 janvier 2026 : 9h \u00e0 15h<\/span><\/p><\/div><div  class=\"col-xs-12 col-sm-6 col-md-3\"> <a  data-cp-link=\"1\" href=\"#\" class=\"\" target=\"_self\" rel=\"noopener\"><i  class=\"fa icon quotation-icon fa-calendar small color1\"><\/i><\/a> <h3  class=\"\"><span  style=\"color: rgb(255, 97, 0); font-weight: 700;\">F\u00e9vrier 2026<\/span><\/h3>   <h4  class=\"\"><span  style=\"font-family: Helvetica, Arial, sans-serif, arial, helvetica, sans-serif; color: rgb(34, 34, 34);\">Journ\u00e9e portes ouvertes<\/span><\/h4><p  class=\"\">Mercredi 11 f\u00e9vrier 2026 : 9h \u00e0 18h<br >Mercredi 25 f\u00e9vrier 2026 : 9h \u00e0 18h<\/p><\/div><div  class=\"col-xs-12 col-sm-6 col-md-3\"> <a  data-cp-link=\"1\" href=\"#\" class=\"\" target=\"_self\" rel=\"noopener\"><i  class=\"fa icon quotation-icon fa-calendar small color1\"><\/i><\/a> <h3  class=\"\"><span  style=\"color: rgb(255, 97, 0); font-weight: 700;\">Mars 2026<\/span><\/h3>   <h4  class=\"\"><span  style=\"font-family: Helvetica, Arial, sans-serif, arial, helvetica, sans-serif; color: rgb(0, 0, 0);\">Journ\u00e9e portes ouvertes<\/span><span  id=\"_mce_caret\" data-mce-bogus=\"1\" data-mce-type=\"format-caret\"><span  style=\"color: rgb(0, 0, 0);\">\ufeff<\/span><\/span><\/h4><p  class=\"\" style=\"text-align: center;\">Mercredi 4 mars 2026 : 9h \u00e0 18h<\/p><\/div><div  class=\"col-xs-12 col-sm-6 col-md-3\"> <a  data-cp-link=\"1\" href=\"#\" class=\"\" target=\"_self\" rel=\"noopener\"><i  class=\"fa icon quotation-icon fa-calendar small color1\"><\/i><\/a> <h3  class=\"\"><span  style=\"color: rgb(255, 97, 0); font-weight: 700;\">Avril 2026<\/span><\/h3>   <h4  class=\"\"><span style=\"font-weight: 700; color: rgb(22, 22, 22);\" >Journ\u00e9es portes ouvertes<\/span><\/h4><p  class=\"\" style=\"text-align: center;\">Mercredi 22 avril 2026 : 9h \u00e0 18h<br >Samedi 25 avril 2026 : 9h \u00e0 13h<\/p><\/div><\/div><\/div> <\/div><div  data-label=\"Cta\" data-id=\"cta--1\" data-export-id=\"cta-blue-section\" data-category=\"cta\" class=\"cta-blue-section content-section content-section-spacing-medium bg-color1 white-text\" id=\"cta-1\"><div  class=\"gridContainer\"> <div  class=\"row middle-xs\"><div  class=\"col-sm-8 space-bottom-xs\" data-type=\"column\">  <h4  class=\"\"><span  style=\"font-family: Helvetica, Arial, sans-serif, arial, helvetica, sans-serif;\">Participez \u00e9galement \u00e0 nos job dating, \u201cHappy Hour de l\u2019alternance\u201d,  pour trouver votre entreprise pour la rentr\u00e9e.<\/span><\/h4><\/div> <div  class=\"col-sm-4 end-sm\" data-type=\"column\"> <a  class=\"button color-white\" href=\"https:\/\/dijonformation.com\/index.php\/happy-hour-a-dijon-formation-job-dating-de-lalternance\" target=\"_blank\" data-cp-link=\"1\" data-icon=\"\" rel=\"noopener\">EN SAVOIR PLUS<\/a><\/div> <\/div><\/div> <\/div>","protected":false},"excerpt":{"rendered":"<p>SALONSSalon L\u2019Etudiant\ufeffSamedi 27 septembre 2025 : 9h \u00e0 17hDijon, Parc des ExpositionsSalon Studyrama\u2022 Vendredi 21 novembre 2025 : 9h \u00e0 16h\u2022 Samedi 22 novembre 2025 : 10h \u00e0 17hDijon, Parc des Expositions \u2013 Hall 2Salon Studyrama Sup\u2019AlternanceSamedi 10 janvier 2026 : 10h \u00e0 17hDijon, Palais des Congr\u00e8s \u2013 Hall des Grands Ech\u00e9zeauxApprentissimoJeudi 29 janvier 2026&hellip; <br \/> <a class=\"read-more\" href=\"https:\/\/dijonformation.com\/index.php\/salons-et-portes-ouvertes\/\">Read more<\/a><\/p>\n","protected":false},"author":1,"featured_media":0,"parent":0,"menu_order":0,"comment_status":"closed","ping_status":"closed","template":"pro\/page-templates\/full-width-page.php","meta":{"om_disable_all_campaigns":false,"_uf_show_specific_survey":0,"_uf_disable_surveys":false,"footnotes":""},"class_list":["post-5080","page","type-page","status-publish","hentry"],"aioseo_notices":[],"yoast_head":"<!-- This site is optimized with the Yoast SEO plugin v26.8 - https:\/\/yoast.com\/product\/yoast-seo-wordpress\/ -->\n<title>Salons et Portes Ouvertes - Dijon Formation<\/title>\n<meta name=\"robots\" content=\"index, follow, max-snippet:-1, max-image-preview:large, max-video-preview:-1\" \/>\n<link rel=\"canonical\" href=\"https:\/\/dijonformation.com\/index.php\/salons-et-portes-ouvertes\/\" \/>\n<meta property=\"og:locale\" content=\"fr_FR\" \/>\n<meta property=\"og:type\" content=\"article\" \/>\n<meta property=\"og:title\" content=\"Salons et Portes Ouvertes - Dijon Formation\" \/>\n<meta property=\"og:description\" content=\"SALONSSalon L\u2019Etudiant\ufeffSamedi 27 septembre 2025 : 9h \u00e0 17hDijon, Parc des ExpositionsSalon Studyrama\u2022 Vendredi 21 novembre 2025 : 9h \u00e0 16h\u2022 Samedi 22 novembre 2025 : 10h \u00e0 17hDijon, Parc des Expositions \u2013 Hall 2Salon Studyrama Sup\u2019AlternanceSamedi 10 janvier 2026 : 10h \u00e0 17hDijon, Palais des Congr\u00e8s \u2013 Hall des Grands Ech\u00e9zeauxApprentissimoJeudi 29 janvier 2026&hellip; Read more\" \/>\n<meta property=\"og:url\" content=\"https:\/\/dijonformation.com\/index.php\/salons-et-portes-ouvertes\/\" \/>\n<meta property=\"og:site_name\" content=\"Dijon Formation\" \/>\n<meta property=\"article:publisher\" content=\"https:\/\/www.facebook.com\/dijonfo\/\" \/>\n<meta property=\"article:modified_time\" content=\"2026-03-11T14:52:17+00:00\" \/>\n<meta name=\"twitter:card\" content=\"summary_large_image\" \/>\n<meta name=\"twitter:label1\" content=\"Dur\u00e9e de lecture estim\u00e9e\" \/>\n\t<meta name=\"twitter:data1\" content=\"2 minutes\" \/>\n<script type=\"application\/ld+json\" class=\"yoast-schema-graph\">{\"@context\":\"https:\/\/schema.org\",\"@graph\":[{\"@type\":\"WebPage\",\"@id\":\"https:\/\/dijonformation.com\/index.php\/salons-et-portes-ouvertes\/\",\"url\":\"https:\/\/dijonformation.com\/index.php\/salons-et-portes-ouvertes\/\",\"name\":\"Salons et Portes Ouvertes - Dijon Formation\",\"isPartOf\":{\"@id\":\"https:\/\/dijonformation.com\/#website\"},\"datePublished\":\"2024-09-18T15:49:07+00:00\",\"dateModified\":\"2026-03-11T14:52:17+00:00\",\"breadcrumb\":{\"@id\":\"https:\/\/dijonformation.com\/index.php\/salons-et-portes-ouvertes\/#breadcrumb\"},\"inLanguage\":\"fr-FR\",\"potentialAction\":[{\"@type\":\"ReadAction\",\"target\":[\"https:\/\/dijonformation.com\/index.php\/salons-et-portes-ouvertes\/\"]}]},{\"@type\":\"BreadcrumbList\",\"@id\":\"https:\/\/dijonformation.com\/index.php\/salons-et-portes-ouvertes\/#breadcrumb\",\"itemListElement\":[{\"@type\":\"ListItem\",\"position\":1,\"name\":\"Accueil\",\"item\":\"https:\/\/dijonformation.com\/\"},{\"@type\":\"ListItem\",\"position\":2,\"name\":\"Salons et Portes Ouvertes\"}]},{\"@type\":\"WebSite\",\"@id\":\"https:\/\/dijonformation.com\/#website\",\"url\":\"https:\/\/dijonformation.com\/\",\"name\":\"Dijon Formation\",\"description\":\"Dijon Formation l&#039;\u00e9cole sup\u00e9rieure 100% alternance de Bac +2 \u00e0 Bac +5\",\"publisher\":{\"@id\":\"https:\/\/dijonformation.com\/#organization\"},\"potentialAction\":[{\"@type\":\"SearchAction\",\"target\":{\"@type\":\"EntryPoint\",\"urlTemplate\":\"https:\/\/dijonformation.com\/?s={search_term_string}\"},\"query-input\":{\"@type\":\"PropertyValueSpecification\",\"valueRequired\":true,\"valueName\":\"search_term_string\"}}],\"inLanguage\":\"fr-FR\"},{\"@type\":\"Organization\",\"@id\":\"https:\/\/dijonformation.com\/#organization\",\"name\":\"Dijon Formation\",\"url\":\"https:\/\/dijonformation.com\/\",\"logo\":{\"@type\":\"ImageObject\",\"inLanguage\":\"fr-FR\",\"@id\":\"https:\/\/dijonformation.com\/#\/schema\/logo\/image\/\",\"url\":\"https:\/\/dijonformation.com\/wp-content\/uploads\/2024\/03\/cropped-LOGO-SITE-DIJON-ISMACC-1.png\",\"contentUrl\":\"https:\/\/dijonformation.com\/wp-content\/uploads\/2024\/03\/cropped-LOGO-SITE-DIJON-ISMACC-1.png\",\"width\":3248,\"height\":512,\"caption\":\"Dijon Formation\"},\"image\":{\"@id\":\"https:\/\/dijonformation.com\/#\/schema\/logo\/image\/\"},\"sameAs\":[\"https:\/\/www.facebook.com\/dijonfo\/\",\"https:\/\/www.linkedin.com\/company\/dijon-formation\",\"https:\/\/www.instagram.com\/dijon_formation\/\"]}]}<\/script>\n<!-- \/ Yoast SEO plugin. -->","yoast_head_json":{"title":"Salons et Portes Ouvertes - Dijon Formation","robots":{"index":"index","follow":"follow","max-snippet":"max-snippet:-1","max-image-preview":"max-image-preview:large","max-video-preview":"max-video-preview:-1"},"canonical":"https:\/\/dijonformation.com\/index.php\/salons-et-portes-ouvertes\/","og_locale":"fr_FR","og_type":"article","og_title":"Salons et Portes Ouvertes - Dijon Formation","og_description":"SALONSSalon L\u2019Etudiant\ufeffSamedi 27 septembre 2025 : 9h \u00e0 17hDijon, Parc des ExpositionsSalon Studyrama\u2022 Vendredi 21 novembre 2025 : 9h \u00e0 16h\u2022 Samedi 22 novembre 2025 : 10h \u00e0 17hDijon, Parc des Expositions \u2013 Hall 2Salon Studyrama Sup\u2019AlternanceSamedi 10 janvier 2026 : 10h \u00e0 17hDijon, Palais des Congr\u00e8s \u2013 Hall des Grands Ech\u00e9zeauxApprentissimoJeudi 29 janvier 2026&hellip; Read more","og_url":"https:\/\/dijonformation.com\/index.php\/salons-et-portes-ouvertes\/","og_site_name":"Dijon Formation","article_publisher":"https:\/\/www.facebook.com\/dijonfo\/","article_modified_time":"2026-03-11T14:52:17+00:00","twitter_card":"summary_large_image","twitter_misc":{"Dur\u00e9e de lecture estim\u00e9e":"2 minutes"},"schema":{"@context":"https:\/\/schema.org","@graph":[{"@type":"WebPage","@id":"https:\/\/dijonformation.com\/index.php\/salons-et-portes-ouvertes\/","url":"https:\/\/dijonformation.com\/index.php\/salons-et-portes-ouvertes\/","name":"Salons et Portes Ouvertes - Dijon Formation","isPartOf":{"@id":"https:\/\/dijonformation.com\/#website"},"datePublished":"2024-09-18T15:49:07+00:00","dateModified":"2026-03-11T14:52:17+00:00","breadcrumb":{"@id":"https:\/\/dijonformation.com\/index.php\/salons-et-portes-ouvertes\/#breadcrumb"},"inLanguage":"fr-FR","potentialAction":[{"@type":"ReadAction","target":["https:\/\/dijonformation.com\/index.php\/salons-et-portes-ouvertes\/"]}]},{"@type":"BreadcrumbList","@id":"https:\/\/dijonformation.com\/index.php\/salons-et-portes-ouvertes\/#breadcrumb","itemListElement":[{"@type":"ListItem","position":1,"name":"Accueil","item":"https:\/\/dijonformation.com\/"},{"@type":"ListItem","position":2,"name":"Salons et Portes Ouvertes"}]},{"@type":"WebSite","@id":"https:\/\/dijonformation.com\/#website","url":"https:\/\/dijonformation.com\/","name":"Dijon Formation","description":"Dijon Formation l&#039;\u00e9cole sup\u00e9rieure 100% alternance de Bac +2 \u00e0 Bac +5","publisher":{"@id":"https:\/\/dijonformation.com\/#organization"},"potentialAction":[{"@type":"SearchAction","target":{"@type":"EntryPoint","urlTemplate":"https:\/\/dijonformation.com\/?s={search_term_string}"},"query-input":{"@type":"PropertyValueSpecification","valueRequired":true,"valueName":"search_term_string"}}],"inLanguage":"fr-FR"},{"@type":"Organization","@id":"https:\/\/dijonformation.com\/#organization","name":"Dijon Formation","url":"https:\/\/dijonformation.com\/","logo":{"@type":"ImageObject","inLanguage":"fr-FR","@id":"https:\/\/dijonformation.com\/#\/schema\/logo\/image\/","url":"https:\/\/dijonformation.com\/wp-content\/uploads\/2024\/03\/cropped-LOGO-SITE-DIJON-ISMACC-1.png","contentUrl":"https:\/\/dijonformation.com\/wp-content\/uploads\/2024\/03\/cropped-LOGO-SITE-DIJON-ISMACC-1.png","width":3248,"height":512,"caption":"Dijon Formation"},"image":{"@id":"https:\/\/dijonformation.com\/#\/schema\/logo\/image\/"},"sameAs":["https:\/\/www.facebook.com\/dijonfo\/","https:\/\/www.linkedin.com\/company\/dijon-formation","https:\/\/www.instagram.com\/dijon_formation\/"]}]}},"_links":{"self":[{"href":"https:\/\/dijonformation.com\/index.php\/wp-json\/wp\/v2\/pages\/5080","targetHints":{"allow":["GET"]}}],"collection":[{"href":"https:\/\/dijonformation.com\/index.php\/wp-json\/wp\/v2\/pages"}],"about":[{"href":"https:\/\/dijonformation.com\/index.php\/wp-json\/wp\/v2\/types\/page"}],"author":[{"embeddable":true,"href":"https:\/\/dijonformation.com\/index.php\/wp-json\/wp\/v2\/users\/1"}],"replies":[{"embeddable":true,"href":"https:\/\/dijonformation.com\/index.php\/wp-json\/wp\/v2\/comments?post=5080"}],"version-history":[{"count":37,"href":"https:\/\/dijonformation.com\/index.php\/wp-json\/wp\/v2\/pages\/5080\/revisions"}],"predecessor-version":[{"id":6656,"href":"https:\/\/dijonformation.com\/index.php\/wp-json\/wp\/v2\/pages\/5080\/revisions\/6656"}],"wp:attachment":[{"href":"https:\/\/dijonformation.com\/index.php\/wp-json\/wp\/v2\/media?parent=5080"}],"curies":[{"name":"wp","href":"https:\/\/api.w.org\/{rel}","templated":true}]}}