{"id":6522,"date":"2026-01-29T15:47:16","date_gmt":"2026-01-29T14:47:16","guid":{"rendered":"https:\/\/dijonformation.com\/?page_id=6522"},"modified":"2026-01-30T10:44:49","modified_gmt":"2026-01-30T09:44:49","slug":"bachelor-office-manager","status":"publish","type":"page","link":"https:\/\/dijonformation.com\/index.php\/bachelor-office-manager\/","title":{"rendered":"Bachelor Office Manager"},"content":{"rendered":"<div  data-label=\"Cta\" data-id=\"cta--1\" data-export-id=\"cta-blue-section\" data-category=\"cta\" class=\"cta-blue-section content-section content-section-spacing-medium bg-color1 white-text\" id=\"cta-1\" style=\"background-image: none; background-color: rgb(255, 97, 0);\"><div  class=\"gridContainer\"> <div  class=\"row middle-xs\"><div  class=\"col-sm-8 space-bottom-xs\" data-type=\"column\">  <h3  class=\"\">T\u00e9l\u00e9charger la fiche d\u00e9taill\u00e9e de la formation Bachelor Office Manager<\/h3><\/div> <div  class=\"col-sm-4 end-sm\" data-type=\"column\"> <a  class=\"button color-white dark-text\" href=\"https:\/\/dijonformation.com\/wp-content\/uploads\/2026\/01\/PLAQUETTE-PROGRAMME-OFFICE-MANAGER.pdf\" target=\"_blank\" data-cp-link=\"1\" data-icon=\"\" rel=\"noopener\">T\u00c9L\u00c9CHARGER<\/a><\/div> <\/div><\/div> <\/div><div  data-label=\"Content\" data-id=\"content--3\" data-export-id=\"content-12\" data-category=\"content\" class=\"content-12 content-section content-section-spacing\" id=\"content-3\" style=\"background-color: rgb(255, 255, 255);\"><div  class=\"gridContainer\"> <div  class=\"row text-center\"><div  class=\"section-title-col\" data-type=\"column\">  <h2  class=\"\"><span  style=\"font-weight: 600; color: rgb(34, 34, 34);\">Bachelor Office Manager<\/span><\/h2><p  class=\"\">Certification professionnelle \u201cOffice Manager\u201d<\/p><p  class=\"lead\"><a  data-mce-href=\"https:\/\/www.francecompetences.fr\/recherche\/rncp\/41308\/\" href=\"https:\/\/www.francecompetences.fr\/recherche\/rncp\/41308\" target=\"_blank\" rel=\"noopener\" data-mce-selected=\"inline-boundary\" data-cp-link=\"1\" class=\"\">Organisme certificateur : Hautes Etudes Appliqu\u00e9es du Droit \u2013 HEAD<\/a><br ><a  data-mce-href=\"https:\/\/www.francecompetences.fr\/recherche\/rncp\/41308\/\" href=\"https:\/\/www.francecompetences.fr\/recherche\/rncp\/41308\" target=\"_blank\" rel=\"noopener\" data-cp-link=\"1\" class=\"\">\nFiche RNCP 41308 France Comp\u00e9tences<\/a><\/p><\/div> <\/div> <div  class=\"row center-xs middle-xs\"> <div  class=\"col-sm-9\" data-type=\"column\"><p  class=\"\" style=\"text-align: justify;\">Le m\u00e9tier d\u2019Office Manager est apparu en France dans les ann\u00e9es 2000 et il a consid\u00e9rablement transform\u00e9 l\u2019organisation interne des cabinets d\u2019avocats et des entreprises. Aujourd\u2019hui, cette profession se d\u00e9veloppe \u00e9galement au sein d\u2019associations et d\u2019entreprises, quelles que soient leur taille et leur maturit\u00e9, mais aussi au sein de start-up. Quelle que soit la structure dans laquelle il exerce, l\u2019office manager doit faire face \u00e0 des d\u00e9fis complexes : veiller \u00e0 l\u2019\u00e9volution constante de la l\u00e9gislation, s\u2019adapter \u00e0 la r\u00e9volution digitale et accompagner sa structure face aux changements qu\u2019elle induit.<\/p> <\/div> <\/div><\/div> <\/div><div  data-label=\"Overlappable\" data-id=\"overlappable--1\" data-export-id=\"overlappable-4\" data-category=\"overlappable\" class=\"overlappable-4 content-section content-section-spacing\" data-overlap=\"true\" id=\"overlappable-1\" style=\"background-color: rgb(255, 255, 255);\"><div  class=\"gridContainer\"> <div  data-type=\"row\" class=\"row spaced-cols text-center\"><div  class=\"col-xs-12 col-sm-4 col-padding\"> <i  class=\"fa icon shadow-large-black aligncenter fa-clock-o reverse round big color1\"><\/i> <div  data-type=\"column\" class=\"\"> <h5  class=\"\"><span  style=\"font-family: Helvetica, Arial, sans-serif, arial, helvetica, sans-serif; font-weight: 600; color: rgb(34, 34, 34);\">Dur\u00e9e<\/span><\/h5> <p  class=\"\"><span  style=\"color: rgb(60, 66, 79);\">1 an<\/span><span  id=\"_mce_caret\" data-mce-bogus=\"1\" data-mce-type=\"format-caret\"><span  style=\"color: rgb(60, 66, 79);\">\ufeff<\/span><\/span><\/p><\/div> <\/div> <div  class=\"col-xs-12 col-sm-4 col-padding\"> <i  class=\"fa icon shadow-large-black aligncenter fa-calendar reverse round big color1\"><\/i> <div  data-type=\"column\" class=\"\"><h5  class=\"\"><span  style=\"font-family: Helvetica, Arial, sans-serif, arial, helvetica, sans-serif; font-weight: 600; color: rgb(34, 34, 34);\">Rythme<\/span><\/h5> <p  class=\"\" style=\"text-align: center;\"><span  style=\"color: rgb(34, 34, 34);\">1 \u00e0 2 semaines par mois en formation\n<br >Le reste en entreprise<\/span><\/p><\/div> <\/div> <div  class=\"col-xs-12 col-sm-4 col-padding\"> <i  class=\"fa icon shadow-large-black aligncenter fa-mortar-board reverse round big color1\"><\/i> <div  data-type=\"column\" class=\"\"> <h5  class=\"\"><span  style=\"color: rgb(34, 34, 34);\">Accessible apr\u00e8s<\/span><\/h5> <p  class=\"\"><span  style=\"color: rgb(34, 34, 34);\">Bac+2<\/span><\/p><\/div> <\/div><div  class=\"col-xs-12 col-sm-4 col-padding\"> <a  data-cp-link=\"1\" href=\"https:\/\/dijonformation.com\/index.php\/ecole-superieure-de-dijon-formation-2\" target=\"_blank\" rel=\"noopener\"><i  class=\"fa icon shadow-large-black aligncenter fa-building reverse round big color1\"><\/i><\/a> <div  data-type=\"column\" class=\"\"> <h5  class=\"\"><span  style=\"font-family: Helvetica, Arial, sans-serif, arial, helvetica, sans-serif; font-weight: 600; color: rgb(34, 34, 34);\">Campus<\/span><\/h5> <p  class=\"\">Dijon Formation et Chalon Formation<br >\nNos campus sont accessibles aux personnes \u00e0 mobilit\u00e9 r\u00e9duite<\/p><\/div> <\/div><div  class=\"col-xs-12 col-sm-4 col-padding\"> <i  class=\"fa icon shadow-large-black aligncenter fa-folder reverse round big color1\"><\/i> <div  data-type=\"column\" class=\"\"> <h5  class=\"\"><span  style=\"font-family: Helvetica, Arial, sans-serif, arial, helvetica, sans-serif; font-weight: 600; color: rgb(34, 34, 34);\">Contrats<\/span><\/h5> <p  class=\"\"><span  style=\"color: rgb(60, 66, 79);\">Contrat de professionnalisation\n<\/span><br ><span  style=\"color: rgb(60, 66, 79);\">Contrat d\u2019apprentissage\n<br >CPF<\/span>\n<br >Pro A<\/p><\/div> <\/div><div  class=\"col-xs-12 col-sm-4 col-padding\"> <i  class=\"fa icon shadow-large-black aligncenter fa-battery-full reverse round big color1\"><\/i> <div  data-type=\"column\" class=\"\"> <h5  class=\"\"><span  style=\"font-family: Helvetica, Arial, sans-serif, arial, helvetica, sans-serif; font-weight: 600; color: rgb(34, 34, 34);\">VAE<\/span><\/h5> <p  class=\"\"><a  data-mce-href=\"https:\/\/vae.gouv.fr\/\" href=\"https:\/\/vae.gouv.fr\" target=\"_blank\" rel=\"noopener\" data-mce-selected=\"inline-boundary\" data-cp-link=\"1\" class=\"\">https:\/\/vae.gouv.fr\/<\/a><\/p><\/div> <\/div><\/div> <\/div><\/div><div  data-label=\"Features\" data-id=\"features--1\" data-export-id=\"features-13\" data-category=\"features\" class=\"features-13 content-section content-section-spacing\" id=\"features-1\" style=\"background-color: rgb(255, 255, 255);\"><div  class=\"gridContainer\"> <div  class=\"row text-center\"><div  class=\"section-title-col\" data-type=\"column\">  <\/div> <\/div> <div  class=\"row spaced-cols center-sm content-center-sm\" data-type=\"row\"> <div  class=\"col col-sm-6 col-md-3 space-bottom\"> <i  class=\"fa icon fa-paper-plane bordered round big color1\"><\/i> <h4  class=\"\"><span  style=\"font-weight: 600; font-family: Helvetica, Arial, sans-serif, arial, helvetica, sans-serif; color: rgb(34, 34, 34);\">Comp\u00e9tences vis\u00e9es<\/span><\/h4> <p  class=\"\" style=\"text-align: justify;\">\u2022\tOrganiser, planifier et coordonner les activit\u00e9s administratives<br >\n\u2022\tMettre en \u0153uvre et ajuster les proc\u00e9dures internes<br >\n\u2022\tG\u00e9rer les \u00e9quipements, ressources mat\u00e9rielles et logistiques<br >\n\u2022\tGarantir la conformit\u00e9 r\u00e9glementaire, la s\u00e9curit\u00e9 et la qualit\u00e9 du fonctionnement<br >\n\u2022\tComprendre l\u2019environnement \u00e9conomique, juridique  et strat\u00e9gique de l\u2019entreprise<br >\n\u2022\tD\u00e9velopper une culture digitale et savoir dialoguer  avec les acteurs techniques<br >\n\u2022\tAssurer la gestion des contrats prestataires et parten aires dans une d\u00e9marche RSE.<\/p> <\/div> <div  class=\"col col-sm-6 col-md-3 space-bottom\"><i  class=\"fa icon fa-bars bordered round big color1\"><\/i> <h4  class=\"\"><span  style=\"font-weight: 600; font-family: Helvetica, Arial, sans-serif, arial, helvetica, sans-serif; color: rgb(34, 34, 34);\">Bloc de comp\u00e9tences<\/span><\/h4> <p  class=\"\" style=\"text-align: justify;\">\u2022<span  style=\"color: rgb(4, 4, 4);\">&nbsp;<\/span>Piloter l\u2019organisation administrative et la logistique des services g\u00e9n\u00e9raux<br >\u2022 Coordonner la gestion budg\u00e9taire et financi\u00e8re de la structure<br >\u2022 Contribuer \u00e0 la gestion et au d\u00e9veloppement des ressources humaines dans une structure<br >\u2022 Optimiser la communication et la gestion de projet au sein de la structure<\/p> <\/div> <div  class=\"col col-sm-6 col-md-3 space-bottom\"><i  class=\"fa icon fa-check-circle bordered round big color1\"><\/i> <h4  class=\"\"><span  style=\"font-weight: 600; font-family: Helvetica, Arial, sans-serif, arial, helvetica, sans-serif; color: rgb(34, 34, 34);\">Modalit\u00e9s d\u2019\u00e9valuation<\/span><\/h4> <p  class=\"\" style=\"text-align: justify;\">Chaque bloc de comp\u00e9tences fait l\u2019objet d\u2019une \u00e9valuation ind\u00e9pendante.<br >\nPour obtenir la certification, le candidat doit avoir valid\u00e9 l\u2019ensemble des blocs.<br ><br >\u2022 \u00c9preuve \u00e9crite sous forme d\u2019une \u00e9tude de cas.<br >\u2022 \u00c9preuve \u00e9crite sous forme de cas pratique.<br >\u2022 Mise en situation professionnelle en 2 parties : Dossier \u00e9crit puis entretien oral sur la base de ce dossier avec un jury.<br >\u2022 Dossier de pratique professionnelle ou rapport d\u2019exp\u00e9rience avec soutenance.<\/p> <\/div> <div  class=\"col col-sm-6 col-md-3 space-bottom\"><i  class=\"fa icon fa-star bordered round big color1\"><\/i> <h4  class=\"\"><span  style=\"font-weight: 600; font-family: Helvetica, Arial, sans-serif, arial, helvetica, sans-serif; color: rgb(34, 34, 34);\">D\u00e9bouch\u00e9s acad\u00e9miques et professionnels<\/span><\/h4> <p  class=\"\" style=\"text-align: justify;\">Acad\u00e9miques :\n<br >\u2022<span  style=\"color: rgb(4, 4, 4);\"> Poursuite en Manager des Affaires (Bac+5) | Campus Dijon et Chalon sur Sa\u00f4ne<\/span><br >\u2022<span  style=\"color: rgb(4, 4, 4);\"> Poursuite en Manager Ressources Humaines (Bac+5) \u2013 Campus Dijon et Chalon sur Sa\u00f4ne<\/span><span  style=\"color: rgb(4, 4, 4);\"><br ><br >Professionnels :<\/span><br >L\u2019Office manager exerce principalement dans le secteur priv\u00e9 ( PME, PMI, startup, banque, assurance, commercial, social, droit \u2026) et dans le secteur public (administration).\n<br ><br >\nType d\u2019emplois accessibles :<br >\u2022 Office manager<br >\u2022 Responsable administratif et financier<br >\u2022 Responsable administratif<br >\u2022 Gestionnaire de bureau<br >\u2022 Charg\u00e9 de gestion<br >\u2022 Assistant de direction<br >\u2022 Attach\u00e9 de direction<\/p> <\/div> <\/div><\/div> <\/div><div  data-label=\"Content\" data-id=\"content--4\" data-export-id=\"content-12\" data-category=\"content\" class=\"content-12 content-section content-section-spacing\" id=\"content-4\" style=\"background-color: rgb(245, 250, 253);\"><div  class=\"\"> <div  class=\"row text-center\"><div  class=\"section-title-col\" data-type=\"column\">  <h2  class=\"\"><span  style=\"color: rgb(52, 58, 64); font-weight: 600;\">Conditions d\u2019admission pour la formation<\/span><br ><span  style=\"color: rgb(52, 58, 64); font-weight: 600;\">\nBachelor Office Manager<\/span><\/h2><\/div> <\/div> <div  class=\"row center-xs middle-xs\"> <div  class=\"col-sm-9\" data-type=\"column\"> <p  class=\"\" style=\"text-align: justify;\"><span  style=\"font-weight: 400;\"><span  style=\"color: rgb(52, 58, 64);\">La formation est organis\u00e9e par Dijon Formation.&nbsp;<\/span><\/span>Etre titulaire d\u2019une certification ou d\u2019un dipl\u00f4me de niveau 5 minimum ; Ou \u00eatre \u00e9ligible \u00e0 la d\u00e9marche de VAPP et capable de justifier une exp\u00e9rience de 5 ans dans les domaines connexes de l\u2019office manager : assistant de direction, responsable\/assistant administratif, gestionnaire, administratif, assistant RH, assistant marketing \u2026<br ><br >La s\u00e9lection se fait sur \u00e9tude du dossier de candidature et entretien individuel de motivation au sein de Dijon Formation. Cet entretien avec un de nos conseillers formation est accessible apr\u00e8s une pr\u00e9inscription en ligne sur le site internet www.dijonformation.com : onglet pr\u00e9inscription.<br ><br >Le cas \u00e9chant, pr\u00e9requis \u00e0 la validation de la certification :<br >\nAvoir r\u00e9alis\u00e9 une p\u00e9riode en entreprise de 40 jours minimum ;<br >\nAvoir suivi et valid\u00e9 le parcours de formation th\u00e9orique et pratique dispens\u00e9 par le certificateur dans son int\u00e9gralit\u00e9.<br >\nPr\u00e9-requis disctincts pour les blocs de comp\u00e9tences : Non<span  style=\"font-weight: 400;\"><span  style=\"color: rgb(52, 58, 64);\"><\/span><span  style=\"color: rgb(52, 58, 64);\">&nbsp;<\/span><\/span><\/p><\/div> <\/div><\/div> <\/div><div  data-label=\"Content\" data-id=\"content--2\" data-export-id=\"content-7\" data-category=\"content\" class=\"content-7 content-section content-section-spacing\" id=\"content-2\" style=\"background-color: rgb(245, 250, 253);\"><div  class=\"gridContainer\"> <div  class=\"row middle-sm\"><div  class=\"col-sm-6 space-bottom-xs\" data-type=\"column\">  <p  class=\"\" style=\"text-align: justify;\">La certification professionnelle \u201d Office Manager \u201cenregistr\u00e9e au niveau 6 du RNCP sur d\u00e9cision de France Comp\u00e9tences du 24 septembre 2025, d\u00e9livr\u00e9e par HAUTES ETUDES APPLIQUEES DU DROIT \u2013 HEAD. Ech\u00e9ance de l\u2019enregristrement au 24 septembre 2028 \u2013 Code NSF 310, 314 et 315. RNCP 41308. Certification accessible via le dispositif VAE.<\/p> <\/div> <div  class=\"col-sm-6\" data-type=\"column\"> <a  data-cp-link=\"1\" href=\"https:\/\/admtc.fr\" class=\"\" target=\"_blank\" rel=\"noopener\"><img  decoding=\"async\" class=\"shadow-large\" src=\"https:\/\/dijonformation.com\/wp-content\/uploads\/2026\/01\/cropped-HEAD.jpg\" title=\"rocketschool\" alt=\"\"><\/a><\/div> <\/div><\/div> <\/div><div  data-label=\"Cta\" data-id=\"cta--2\" data-export-id=\"cta-centered-bg-section\" data-category=\"cta\" data-section-ov=\"1\" class=\"cta-centered-bg-section content-section content-section-spacing-medium white-text\" data-parallax-depth=\"20\" id=\"cta-2\" style=\"background-color: rgb(255, 97, 0); background-image: none;\"><div  class=\"gridContainer\"> <div  class=\"row text-center\"><div  data-type=\"column\" class=\"\"> <h3  class=\"\"><span  style=\"font-family: Muli, arial, helvetica, sans-serif;\">Pour plus d\u2019informations, \npr\u00e9inscrivez-vous<\/span><\/h3> <a  class=\"button color-white\" href=\"https:\/\/inscriptions.dijonformation.com\/bienvenue?site=dijon\" target=\"_blank\" data-cp-link=\"1\" data-icon=\"\" rel=\"noopener\">SE PR\u00c9INSCRIRE<\/a><\/div> <\/div><\/div> <\/div>","protected":false},"excerpt":{"rendered":"<p>T\u00e9l\u00e9charger la fiche d\u00e9taill\u00e9e de la formation Bachelor Office Manager T\u00c9L\u00c9CHARGER Bachelor Office ManagerCertification professionnelle \u201cOffice Manager\u201dOrganisme certificateur : Hautes Etudes Appliqu\u00e9es du Droit \u2013 HEAD Fiche RNCP 41308 France Comp\u00e9tences Le m\u00e9tier d\u2019Office Manager est apparu en France dans les ann\u00e9es 2000 et il a consid\u00e9rablement transform\u00e9 l\u2019organisation interne des cabinets d\u2019avocats et des&hellip; <br \/> <a class=\"read-more\" href=\"https:\/\/dijonformation.com\/index.php\/bachelor-office-manager\/\">Read more<\/a><\/p>\n","protected":false},"author":1,"featured_media":0,"parent":0,"menu_order":0,"comment_status":"closed","ping_status":"closed","template":"pro\/page-templates\/full-width-page.php","meta":{"om_disable_all_campaigns":false,"_uf_show_specific_survey":0,"_uf_disable_surveys":false,"footnotes":""},"class_list":["post-6522","page","type-page","status-publish","hentry"],"aioseo_notices":[],"yoast_head":"<!-- This site is optimized with the Yoast SEO plugin v26.8 - https:\/\/yoast.com\/product\/yoast-seo-wordpress\/ -->\n<title>Bachelor Responsable Marketing Commercial<\/title>\n<meta name=\"description\" content=\"Dijon Formation forme ses alternants au Bachelor Responsable Marketing Commercial et sp\u00e9cialise en Acquisition Num\u00e9rique ses Bac+3.\" \/>\n<meta name=\"robots\" content=\"index, follow, max-snippet:-1, max-image-preview:large, max-video-preview:-1\" \/>\n<link rel=\"canonical\" href=\"https:\/\/dijonformation.com\/index.php\/bachelor-office-manager\/\" \/>\n<meta property=\"og:locale\" content=\"fr_FR\" \/>\n<meta property=\"og:type\" content=\"article\" \/>\n<meta property=\"og:title\" content=\"Bachelor Responsable Marketing Commercial\" \/>\n<meta property=\"og:description\" content=\"Dijon Formation forme ses alternants au Bachelor Responsable Marketing Commercial et sp\u00e9cialise en Acquisition Num\u00e9rique ses Bac+3.\" \/>\n<meta property=\"og:url\" content=\"https:\/\/dijonformation.com\/index.php\/bachelor-office-manager\/\" \/>\n<meta property=\"og:site_name\" content=\"Dijon Formation\" \/>\n<meta property=\"article:publisher\" content=\"https:\/\/www.facebook.com\/dijonfo\/\" \/>\n<meta property=\"article:modified_time\" content=\"2026-01-30T09:44:49+00:00\" \/>\n<meta property=\"og:image\" content=\"https:\/\/dijonformation.com\/wp-content\/uploads\/2026\/01\/cropped-HEAD.jpg\" \/>\n<meta name=\"twitter:card\" content=\"summary_large_image\" \/>\n<meta name=\"twitter:label1\" content=\"Dur\u00e9e de lecture estim\u00e9e\" \/>\n\t<meta name=\"twitter:data1\" content=\"4 minutes\" \/>\n<script type=\"application\/ld+json\" class=\"yoast-schema-graph\">{\"@context\":\"https:\/\/schema.org\",\"@graph\":[{\"@type\":\"WebPage\",\"@id\":\"https:\/\/dijonformation.com\/index.php\/bachelor-office-manager\/\",\"url\":\"https:\/\/dijonformation.com\/index.php\/bachelor-office-manager\/\",\"name\":\"Bachelor Responsable Marketing Commercial\",\"isPartOf\":{\"@id\":\"https:\/\/dijonformation.com\/#website\"},\"primaryImageOfPage\":{\"@id\":\"https:\/\/dijonformation.com\/index.php\/bachelor-office-manager\/#primaryimage\"},\"image\":{\"@id\":\"https:\/\/dijonformation.com\/index.php\/bachelor-office-manager\/#primaryimage\"},\"thumbnailUrl\":\"https:\/\/dijonformation.com\/wp-content\/uploads\/2026\/01\/cropped-HEAD.jpg\",\"datePublished\":\"2026-01-29T14:47:16+00:00\",\"dateModified\":\"2026-01-30T09:44:49+00:00\",\"description\":\"Dijon Formation forme ses alternants au Bachelor Responsable Marketing Commercial et sp\u00e9cialise en Acquisition Num\u00e9rique ses Bac+3.\",\"breadcrumb\":{\"@id\":\"https:\/\/dijonformation.com\/index.php\/bachelor-office-manager\/#breadcrumb\"},\"inLanguage\":\"fr-FR\",\"potentialAction\":[{\"@type\":\"ReadAction\",\"target\":[\"https:\/\/dijonformation.com\/index.php\/bachelor-office-manager\/\"]}]},{\"@type\":\"ImageObject\",\"inLanguage\":\"fr-FR\",\"@id\":\"https:\/\/dijonformation.com\/index.php\/bachelor-office-manager\/#primaryimage\",\"url\":\"https:\/\/dijonformation.com\/wp-content\/uploads\/2026\/01\/cropped-HEAD.jpg\",\"contentUrl\":\"https:\/\/dijonformation.com\/wp-content\/uploads\/2026\/01\/cropped-HEAD.jpg\",\"width\":2083,\"height\":899},{\"@type\":\"BreadcrumbList\",\"@id\":\"https:\/\/dijonformation.com\/index.php\/bachelor-office-manager\/#breadcrumb\",\"itemListElement\":[{\"@type\":\"ListItem\",\"position\":1,\"name\":\"Accueil\",\"item\":\"https:\/\/dijonformation.com\/\"},{\"@type\":\"ListItem\",\"position\":2,\"name\":\"Bachelor Office Manager\"}]},{\"@type\":\"WebSite\",\"@id\":\"https:\/\/dijonformation.com\/#website\",\"url\":\"https:\/\/dijonformation.com\/\",\"name\":\"Dijon Formation\",\"description\":\"Dijon Formation l&#039;\u00e9cole sup\u00e9rieure 100% alternance de Bac +2 \u00e0 Bac +5\",\"publisher\":{\"@id\":\"https:\/\/dijonformation.com\/#organization\"},\"potentialAction\":[{\"@type\":\"SearchAction\",\"target\":{\"@type\":\"EntryPoint\",\"urlTemplate\":\"https:\/\/dijonformation.com\/?s={search_term_string}\"},\"query-input\":{\"@type\":\"PropertyValueSpecification\",\"valueRequired\":true,\"valueName\":\"search_term_string\"}}],\"inLanguage\":\"fr-FR\"},{\"@type\":\"Organization\",\"@id\":\"https:\/\/dijonformation.com\/#organization\",\"name\":\"Dijon Formation\",\"url\":\"https:\/\/dijonformation.com\/\",\"logo\":{\"@type\":\"ImageObject\",\"inLanguage\":\"fr-FR\",\"@id\":\"https:\/\/dijonformation.com\/#\/schema\/logo\/image\/\",\"url\":\"https:\/\/dijonformation.com\/wp-content\/uploads\/2024\/03\/cropped-LOGO-SITE-DIJON-ISMACC-1.png\",\"contentUrl\":\"https:\/\/dijonformation.com\/wp-content\/uploads\/2024\/03\/cropped-LOGO-SITE-DIJON-ISMACC-1.png\",\"width\":3248,\"height\":512,\"caption\":\"Dijon Formation\"},\"image\":{\"@id\":\"https:\/\/dijonformation.com\/#\/schema\/logo\/image\/\"},\"sameAs\":[\"https:\/\/www.facebook.com\/dijonfo\/\",\"https:\/\/www.linkedin.com\/company\/dijon-formation\",\"https:\/\/www.instagram.com\/dijon_formation\/\"]}]}<\/script>\n<!-- \/ Yoast SEO plugin. -->","yoast_head_json":{"title":"Bachelor Responsable Marketing Commercial","description":"Dijon Formation forme ses alternants au Bachelor Responsable Marketing Commercial et sp\u00e9cialise en Acquisition Num\u00e9rique ses Bac+3.","robots":{"index":"index","follow":"follow","max-snippet":"max-snippet:-1","max-image-preview":"max-image-preview:large","max-video-preview":"max-video-preview:-1"},"canonical":"https:\/\/dijonformation.com\/index.php\/bachelor-office-manager\/","og_locale":"fr_FR","og_type":"article","og_title":"Bachelor Responsable Marketing Commercial","og_description":"Dijon Formation forme ses alternants au Bachelor Responsable Marketing Commercial et sp\u00e9cialise en Acquisition Num\u00e9rique ses Bac+3.","og_url":"https:\/\/dijonformation.com\/index.php\/bachelor-office-manager\/","og_site_name":"Dijon Formation","article_publisher":"https:\/\/www.facebook.com\/dijonfo\/","article_modified_time":"2026-01-30T09:44:49+00:00","og_image":[{"url":"https:\/\/dijonformation.com\/wp-content\/uploads\/2026\/01\/cropped-HEAD.jpg","type":"","width":"","height":""}],"twitter_card":"summary_large_image","twitter_misc":{"Dur\u00e9e de lecture estim\u00e9e":"4 minutes"},"schema":{"@context":"https:\/\/schema.org","@graph":[{"@type":"WebPage","@id":"https:\/\/dijonformation.com\/index.php\/bachelor-office-manager\/","url":"https:\/\/dijonformation.com\/index.php\/bachelor-office-manager\/","name":"Bachelor Responsable Marketing Commercial","isPartOf":{"@id":"https:\/\/dijonformation.com\/#website"},"primaryImageOfPage":{"@id":"https:\/\/dijonformation.com\/index.php\/bachelor-office-manager\/#primaryimage"},"image":{"@id":"https:\/\/dijonformation.com\/index.php\/bachelor-office-manager\/#primaryimage"},"thumbnailUrl":"https:\/\/dijonformation.com\/wp-content\/uploads\/2026\/01\/cropped-HEAD.jpg","datePublished":"2026-01-29T14:47:16+00:00","dateModified":"2026-01-30T09:44:49+00:00","description":"Dijon Formation forme ses alternants au Bachelor Responsable Marketing Commercial et sp\u00e9cialise en Acquisition Num\u00e9rique ses Bac+3.","breadcrumb":{"@id":"https:\/\/dijonformation.com\/index.php\/bachelor-office-manager\/#breadcrumb"},"inLanguage":"fr-FR","potentialAction":[{"@type":"ReadAction","target":["https:\/\/dijonformation.com\/index.php\/bachelor-office-manager\/"]}]},{"@type":"ImageObject","inLanguage":"fr-FR","@id":"https:\/\/dijonformation.com\/index.php\/bachelor-office-manager\/#primaryimage","url":"https:\/\/dijonformation.com\/wp-content\/uploads\/2026\/01\/cropped-HEAD.jpg","contentUrl":"https:\/\/dijonformation.com\/wp-content\/uploads\/2026\/01\/cropped-HEAD.jpg","width":2083,"height":899},{"@type":"BreadcrumbList","@id":"https:\/\/dijonformation.com\/index.php\/bachelor-office-manager\/#breadcrumb","itemListElement":[{"@type":"ListItem","position":1,"name":"Accueil","item":"https:\/\/dijonformation.com\/"},{"@type":"ListItem","position":2,"name":"Bachelor Office Manager"}]},{"@type":"WebSite","@id":"https:\/\/dijonformation.com\/#website","url":"https:\/\/dijonformation.com\/","name":"Dijon Formation","description":"Dijon Formation l&#039;\u00e9cole sup\u00e9rieure 100% alternance de Bac +2 \u00e0 Bac +5","publisher":{"@id":"https:\/\/dijonformation.com\/#organization"},"potentialAction":[{"@type":"SearchAction","target":{"@type":"EntryPoint","urlTemplate":"https:\/\/dijonformation.com\/?s={search_term_string}"},"query-input":{"@type":"PropertyValueSpecification","valueRequired":true,"valueName":"search_term_string"}}],"inLanguage":"fr-FR"},{"@type":"Organization","@id":"https:\/\/dijonformation.com\/#organization","name":"Dijon Formation","url":"https:\/\/dijonformation.com\/","logo":{"@type":"ImageObject","inLanguage":"fr-FR","@id":"https:\/\/dijonformation.com\/#\/schema\/logo\/image\/","url":"https:\/\/dijonformation.com\/wp-content\/uploads\/2024\/03\/cropped-LOGO-SITE-DIJON-ISMACC-1.png","contentUrl":"https:\/\/dijonformation.com\/wp-content\/uploads\/2024\/03\/cropped-LOGO-SITE-DIJON-ISMACC-1.png","width":3248,"height":512,"caption":"Dijon Formation"},"image":{"@id":"https:\/\/dijonformation.com\/#\/schema\/logo\/image\/"},"sameAs":["https:\/\/www.facebook.com\/dijonfo\/","https:\/\/www.linkedin.com\/company\/dijon-formation","https:\/\/www.instagram.com\/dijon_formation\/"]}]}},"_links":{"self":[{"href":"https:\/\/dijonformation.com\/index.php\/wp-json\/wp\/v2\/pages\/6522","targetHints":{"allow":["GET"]}}],"collection":[{"href":"https:\/\/dijonformation.com\/index.php\/wp-json\/wp\/v2\/pages"}],"about":[{"href":"https:\/\/dijonformation.com\/index.php\/wp-json\/wp\/v2\/types\/page"}],"author":[{"embeddable":true,"href":"https:\/\/dijonformation.com\/index.php\/wp-json\/wp\/v2\/users\/1"}],"replies":[{"embeddable":true,"href":"https:\/\/dijonformation.com\/index.php\/wp-json\/wp\/v2\/comments?post=6522"}],"version-history":[{"count":6,"href":"https:\/\/dijonformation.com\/index.php\/wp-json\/wp\/v2\/pages\/6522\/revisions"}],"predecessor-version":[{"id":6548,"href":"https:\/\/dijonformation.com\/index.php\/wp-json\/wp\/v2\/pages\/6522\/revisions\/6548"}],"wp:attachment":[{"href":"https:\/\/dijonformation.com\/index.php\/wp-json\/wp\/v2\/media?parent=6522"}],"curies":[{"name":"wp","href":"https:\/\/api.w.org\/{rel}","templated":true}]}}