{"id":6538,"date":"2026-01-29T17:39:34","date_gmt":"2026-01-29T16:39:34","guid":{"rendered":"https:\/\/dijonformation.com\/?page_id=6538"},"modified":"2026-01-30T15:36:46","modified_gmt":"2026-01-30T14:36:46","slug":"manager-affaires","status":"publish","type":"page","link":"https:\/\/dijonformation.com\/index.php\/manager-affaires\/","title":{"rendered":"Manager d&#8217;Affaires"},"content":{"rendered":"<div  data-label=\"Cta\" data-id=\"cta--1\" data-export-id=\"cta-blue-section\" data-category=\"cta\" class=\"cta-blue-section content-section content-section-spacing-medium bg-color1 white-text\" id=\"cta-1\"><div  class=\"gridContainer\"> <div  class=\"row middle-xs\"><div  class=\"col-sm-8 space-bottom-xs\" data-type=\"column\">  <h3  class=\"\">T\u00e9l\u00e9charger le programme d\u00e9taill\u00e9 de la formation Manager d\u2019Affaires<\/h3><\/div> <div  class=\"col-sm-4 end-sm\" data-type=\"column\"> <a  class=\"button color-white\" href=\"https:\/\/dijonformation.com\/wp-content\/uploads\/2026\/01\/PLAQUETTE-PROGRAMME-MDA.pdf\" target=\"_blank\" data-cp-link=\"1\" data-icon=\"\" rel=\"noopener\">T\u00c9L\u00c9CHARGER<\/a><\/div> <\/div><\/div> <\/div><div  data-label=\"Content\" data-id=\"content--1\" data-export-id=\"content-12\" data-category=\"content\" class=\"content-12 content-section content-section-spacing\" id=\"content-1\" style=\"background-color: rgb(255, 255, 255);\"><div  class=\"\"> <div  class=\"row text-center\"><div  class=\"section-title-col\" data-type=\"column\"> <h2  class=\"\" style=\"text-align: center;\"><span  style=\"font-weight: 600;\">Manager d\u2019Affaires<\/span><\/h2> <h4  class=\"\"><span  style=\"font-family: Helvetica, Arial, sans-serif, arial, helvetica, sans-serif; color: rgb(34, 34, 34); font-weight: 400;\">Certification professionnelle \u201cManager d\u2019Affaires\u201d<\/span><\/h4><p  class=\"\"><a  data-mce-href=\"https:\/\/www.francecompetences.fr\/recherche\/rncp\/40257\/\" href=\"https:\/\/www.francecompetences.fr\/recherche\/rncp\/40257\" target=\"_blank\" rel=\"noopener\" data-mce-selected=\"inline-boundary\" data-cp-link=\"1\" class=\"\">Organisme certificateur : Manitude<\/a><br ><a  data-mce-href=\"https:\/\/www.francecompetences.fr\/recherche\/rncp\/40257\/\" href=\"https:\/\/www.francecompetences.fr\/recherche\/rncp\/40257\" target=\"_blank\" rel=\"noopener\" data-cp-link=\"1\" class=\"\">\nFiche RNCP 40257 France Comp\u00e9tences<\/a><\/p><p  class=\"\" style=\"text-align: justify;\">Le manager d\u2019affaires analyse les besoins de ses futurs clients et des clients d\u00e9j\u00e0 acquis pour construire une offre commerciale sur-mesure et \u00e0 haute valeur ajout\u00e9e. Il g\u00e8re un portefeuille clients et en recherche de nouveaux par une prospection active et cibl\u00e9e. Interlocuteur privil\u00e9gi\u00e9 du client dans l\u2019entreprise, le professionnel suit l\u2019int\u00e9gralit\u00e9 du projet, du devis \u00e0 la facturation.\n<br ><br >\nActivit\u00e9s vis\u00e9es :<br >\n\u2022 R\u00e9alisation d\u2019une \u00e9tude de l\u2019\u00e9cosyst\u00e8me \u00e9conomique du secteur sur lequel l\u2019entreprise intervient<br >\n\u2022 Elaboration de la strat\u00e9gie de d\u00e9veloppement \u00e0 soumettre en comit\u00e9 de direction<br >\n\u2022 Budg\u00e9tisation de la strat\u00e9gie commerciale et de sa mise en \u0153uvre<br >\n\u2022 Conqu\u00eate de nouveaux clients<br >\n\u2022 Fid\u00e9lisation des clients existants<br >\n\u2022 Conception d\u2019une offre commerciale complexe adapt\u00e9e aux exigences des clients \u00e0 forte valeur ajout\u00e9e<br >\n\u2022 Pr\u00e9paration, n\u00e9gociation et conclusion d\u2019une vente complexe<br >\n\u2022 Organisation de son travail et de celui des \u00e9quipes concern\u00e9es par le projet<br >\n\u2022 Encadrement et suivi des \u00e9quipes internes et externes<br >\n\u2022 Maintien et d\u00e9veloppement des comp\u00e9tences des collaborateurs directs, en accord avec la direction g\u00e9n\u00e9rale et la RH<br >\n\u2022 Recrutement, avec le service RH, des comp\u00e9tences \u00e0 la r\u00e9alisation du projet de d\u00e9veloppement des affaires<br >\n\u2022 Coordination de la r\u00e9alisation de l\u2019affaire avec les \u00e9quipes d\u00e9di\u00e9es internes et externes<br >\n\u2022 Conduite et contr\u00f4le des proc\u00e9dures administratives, fiscales, r\u00e9glementaires et juridiques n\u00e9cessaires au succ\u00e8s et \u00e0 la p\u00e9rennit\u00e9 de l\u2019activit\u00e9<br >\n\u2022 Suivi et compte-rendu d\u2019activit\u00e9<br >\n\u2022 Gestion des situations de crise<\/p><\/div> <\/div> <div  class=\"row center-xs middle-xs\"> <div  class=\"col-sm-9\" data-type=\"column\"> <\/div> <\/div><\/div> <\/div><div  data-label=\"Overlappable\" data-id=\"overlappable--1\" data-export-id=\"overlappable-4\" data-category=\"overlappable\" class=\"overlappable-4 content-section content-section-spacing\" data-overlap=\"true\" id=\"overlappable-1\" style=\"background-color: rgb(255, 255, 255);\"><div  class=\"gridContainer\"> <div  data-type=\"row\" class=\"row spaced-cols text-center\"><div  class=\"col-xs-12 col-sm-4 col-padding\"> <i  class=\"fa icon shadow-large-black aligncenter fa-clock-o reverse round big color1\"><\/i> <div  data-type=\"column\" class=\"\"> <h5  class=\"\"><span  style=\"font-family: Helvetica, Arial, sans-serif, arial, helvetica, sans-serif; font-weight: 600; color: rgb(34, 34, 34);\">Dur\u00e9e<\/span><\/h5> <p  class=\"\"><span  style=\"font-family: &quot;Open Sans&quot;, arial, helvetica, sans-serif; font-weight: 400; color: rgb(52, 58, 64);\">2 ans<\/span><\/p><\/div> <\/div> <div  class=\"col-xs-12 col-sm-4 col-padding\"> <i  class=\"fa icon shadow-large-black aligncenter fa-calendar reverse round big color1\"><\/i> <div  data-type=\"column\" class=\"\"> <h5  class=\"\"><span  style=\"font-family: Helvetica, Arial, sans-serif, arial, helvetica, sans-serif; font-weight: 600; color: rgb(34, 34, 34);\">Rythme<\/span><\/h5> <p  class=\"\"><span  style=\"font-family: Helvetica, Arial, sans-serif, arial, helvetica, sans-serif; font-weight: 400;\">1 \u00e0 2 semaines en formation par mois<\/span><br ><span  style=\"font-family: Helvetica, Arial, sans-serif, arial, helvetica, sans-serif; font-weight: 400;\">\nLe reste en entreprise<\/span><\/p><\/div> <\/div><div  class=\"col-xs-12 col-sm-4 col-padding\"> <i  class=\"fa icon shadow-large-black aligncenter fa-align-justify reverse round big color1\"><\/i> <div  data-type=\"column\" class=\"\"><h5  class=\"\"><a  data-mce-href=\"https:\/\/vae.gouv.fr\/\" href=\"https:\/\/vae.gouv.fr\" target=\"_blank\" rel=\"noopener\" data-mce-selected=\"inline-boundary\" data-cp-link=\"1\" class=\"\"><span  style=\"font-family: Helvetica, Arial, sans-serif, arial, helvetica, sans-serif; font-weight: 600; color: rgb(34, 34, 34);\">VAE<\/span><\/a><\/h5> <\/div> <\/div> <div  class=\"col-xs-12 col-sm-4 col-padding\"> <i  class=\"fa icon shadow-large-black aligncenter fa-male reverse round big color1\"><\/i> <div  data-type=\"column\" class=\"\"> <h5  class=\"\"><span  style=\"font-weight: 600; font-family: Helvetica, Arial, sans-serif, arial, helvetica, sans-serif; color: rgb(34, 34, 34);\">Accessible apr\u00e8s<\/span><\/h5> <p  class=\"\">Bac+3 ou Titre professionnel de niveau 6 (EU)<\/p><\/div> <\/div><div  class=\"col-xs-12 col-sm-4 col-padding\"> <i  class=\"fa icon shadow-large-black aligncenter fa-building reverse round big color1\"><\/i> <div  data-type=\"column\" class=\"\"><h5  class=\"\"><span  style=\"font-family: Helvetica, Arial, sans-serif, arial, helvetica, sans-serif; font-weight: 600; color: rgb(34, 34, 34);\">Campus<\/span><\/h5> <p  class=\"\">Dijon Formation et Chalon Formation<br >\nNos campus sont accessibles aux personnes \u00e0 mobilit\u00e9 r\u00e9duite<\/p><\/div> <\/div><div  class=\"col-xs-12 col-sm-4 col-padding\"> <i  class=\"fa icon shadow-large-black aligncenter fa-clock-o reverse round big color1\"><\/i> <div  data-type=\"column\" class=\"\"> <h5  class=\"\"><span  style=\"font-family: Helvetica, Arial, sans-serif, arial, helvetica, sans-serif; font-weight: 600; color: rgb(34, 34, 34);\">Contrat<\/span><\/h5> <p  class=\"\"><span  style=\"color: rgb(52, 58, 64); font-family: Helvetica, Arial, sans-serif, arial, helvetica, sans-serif; font-weight: 400;\">Contrat de Professionnalisation<\/span><br ><span  style=\"color: rgb(52, 58, 64); font-family: Helvetica, Arial, sans-serif, arial, helvetica, sans-serif; font-weight: 400;\">\nContrat d\u2019Apprentissage<\/span><br ><span  style=\"color: rgb(52, 58, 64); font-family: Helvetica, Arial, sans-serif, arial, helvetica, sans-serif; font-weight: 400;\">\nPRO-A<\/span><\/p><\/div> <\/div><\/div> <\/div><\/div><div  data-label=\"Features\" data-id=\"features--1\" data-export-id=\"features-13\" data-category=\"features\" class=\"features-13 content-section content-section-spacing\" id=\"features-1\" style=\"background-color: rgb(245, 250, 253);\"><div  class=\"gridContainer\"> <div  class=\"row text-center\"><div  class=\"section-title-col\" data-type=\"column\">  <\/div> <\/div> <div  class=\"row spaced-cols center-sm\" data-type=\"row\"> <div  class=\"col col-sm-6 col-md-3 space-bottom\"> <i  class=\"fa icon fa-paper-plane bordered round big color1\"><\/i> <h4  class=\"\" style=\"text-align: center;\"><span  style=\"font-family: Helvetica, Arial, sans-serif, arial, helvetica, sans-serif; color: rgb(34, 34, 34);\">Comp\u00e9tences vis\u00e9es<\/span><\/h4> <p  class=\"\" style=\"text-align: justify;\">\u2022\tR\u00e9aliser une \u00e9tude du march\u00e9 en mettant en place une d\u00e9marche de veille pour anticiper les \u00e9volutions du secteur<br >\n\u2022\tD\u00e9terminer les avantages concurrentiels \u00e0 valoriser.<br >\n\u2022\tD\u00e9finir le public-cible inclusif<br >\n\u2022\tFixer des objectifs quantitatifs et qualitatifs durables<br >\n\u2022\tD\u00e9cliner la strat\u00e9gie commerciale en un plan d\u2019action commercial<br >\n\u2022\tElaborer le budget du plan d\u2019action commercial<br >\n\u2022\tArgumenter les \u00e9l\u00e9ments du budget et les ratios de rentabilit\u00e9 aupr\u00e8s de la direction g\u00e9n\u00e9rale<br >\n\u2022\tConstruire un plan de prospection commerciale<br >\n\u2022\tMesurer la performance de la strat\u00e9gie de prospection en mettant en place un processus de suivi<br >\n\u2022\tChiffrer, en concertation avec la hi\u00e9rarchie et l\u2019\u00e9quipe-m\u00e9tier d\u00e9di\u00e9e, les propositions aux appels d\u2019offres s\u00e9lectionn\u00e9es<br >\n\u2022\tValoriser le portefeuille clients actuel en r\u00e9alisant une cartographie des clients actuels en s\u2019appuyant sur les donn\u00e9es du CRM<br >\n\u2022\tCommuniquer r\u00e9guli\u00e8rement de fa\u00e7on individualis\u00e9e avec les clients en adaptant le message aux sp\u00e9cificit\u00e9s des canaux<br >\n\u2022\tComprendre les besoins, les enjeux et les acteurs impliqu\u00e9s dans le projet d\u2019achat du prospect en utilisant les techniques d\u2019\u00e9coute active<br >\n\u2022\tN\u00e9gocier, en fran\u00e7ais et\/ou en anglais, avec les diff\u00e9rentes parties concern\u00e9es<br >\n\u2022\tConclure la n\u00e9gociation par une transaction respectueuse des int\u00e9r\u00eats des deux parties<br >\n\u2022\tInformer les \u00e9quipes internes et externes sur l\u2019importance des affaires en cours<br >\n\u2022\tMettre en \u0153uvre des techniques inclusives d\u2019animation d\u2019\u00e9quipes internes et externes<br >\n\u2022\tSolutionner les conflits entre collaborateurs<br >\n\u2022\tParticiper \u00e0 la mise en \u0153uvre de la d\u00e9marche de Gestion des Emplois et Parcours Professionnels<br >\n\u2022\tElaborer un processus de gestion des litiges (clients, fournisseurs, partenaires, etc)<\/p> <\/div> <div  class=\"col col-sm-6 col-md-3 space-bottom\"><i  class=\"fa icon fa-align-justify bordered round big color1\"><\/i> <h4  class=\"\" style=\"margin-bottom: 16px; outline-color: rgb(204, 204, 204); outline-style: solid; background-color: rgb(255, 255, 255); text-align: center;\"><span  style=\"font-family: Helvetica, Arial, sans-serif, arial, helvetica, sans-serif; font-weight: 600; color: rgb(34, 34, 34);\">Bloc de comp\u00e9tences<\/span><\/h4> <p  class=\"\" style=\"text-align: justify;\">\u2022&nbsp;D\u00e9finir et mettre en \u0153uvre une strat\u00e9gie commerciale durable en fonction des objectifs de rentabilit\u00e9 \u00e9conomiques fix\u00e9s par le comit\u00e9 de direction<br >\u2022 D\u00e9velopper l\u2019activit\u00e9 commerciale par la conqu\u00eate et la fid\u00e9lisation client en s\u2019appuyant sur les processus de transformation digitale mis en place par l\u2019entreprise<br >\u2022 Manager une \u00e9quipe de collaborateurs et un r\u00e9seau de partenaires (suivi, animation, accompagnement, recrutement)<br >\u2022 Piloter l\u2019activit\u00e9 d\u2019un centre de profit<\/p> <\/div> <div  class=\"col col-sm-6 col-md-3 space-bottom\"><i  class=\"fa icon fa-check-circle bordered round big color1\"><\/i> <h4  class=\"\" style=\"text-align: center;\"><span  style=\"font-family: Helvetica, Arial, sans-serif, arial, helvetica, sans-serif; color: rgb(34, 34, 34);\">Modalit\u00e9 d\u2019\u00e9valuation<\/span><\/h4> <p  class=\"\" style=\"text-align: justify;\">\u2022&nbsp;Mise en situation professionnelle simul\u00e9e individuelle \u00e9crite et orale.<br ><br >\u2022 A l\u2019issue des \u00e9valuations, un Grand Oral est organis\u00e9 pour la validation d\u00e9finitive, les \u00e9valuations interm\u00e9diaires permettent d\u2019\u00e9clairer les \u00e9valuateurs du jury du Grand oral et de pr\u00e9parer le dialogue et les<br >\nquestionnements avec le candidat.<br ><br >\u2022 L\u2019apprenant se verra attribuer la certification professionnelle s\u2019il valide les 4 blocs de comp\u00e9tences.<br ><br >\u2022 Pour valider un bloc de comp\u00e9tences, toutes les comp\u00e9tences du bloc devront \u00eatre valid\u00e9es.<br >\nL\u2019obtention d\u2019un ou plusieurs blocs de comp\u00e9tences se traduit par un certificat de comp\u00e9tences du ou des blocs valid\u00e9s.<br >\nLes blocs de comp\u00e9tences valid\u00e9s sont acquis \u00e0 vie.<\/p> <\/div> <div  class=\"col col-sm-6 col-md-3 space-bottom\"><i  class=\"fa icon fa-star bordered round big color1\"><\/i> <h4  class=\"\" style=\"text-align: center;\"><span  style=\"font-family: Helvetica, Arial, sans-serif, arial, helvetica, sans-serif; color: rgb(34, 34, 34);\">Emplois accessibles<\/span><\/h4> <p  class=\"\" style=\"text-align: left;\">\u2022\tManager d\u2019affaires<br >\n\u2022\tBusiness manager<br >\n\u2022\tBusiness developer<br >\n\u2022\tAccount executive<br >\n\u2022\tCharg\u00e9 d\u2019affaires<br >\n\u2022\tIng\u00e9nieur d\u2019affaires<br >\n\u2022\tResponsable du d\u00e9veloppement commercial\/responsable commercial<br >\n\u2022\tTechnico-commercial grands comptes<br >\n\u2022\tD\u00e9veloppeur des ventes<br >\n\u2022\tBusiness development representative<br >\n\u2022\tIng\u00e9nieur commercial<br >\n\u2022\tDirecteur \/ responsable d\u2019agence<br >\n\u2022\tDirecteur commercial<br >\n\u2022\tSales Developer<br >\n\u2022\tResponsable des ventes<br >\n\u2022\tChef des ventes<br >\n\u2022\tDirecteur g\u00e9n\u00e9ral<br >\n\u2022\tDirecteur de magasin<br >\n\u2022\tResponsable e-commerce<\/p> <\/div> <\/div><\/div> <\/div><div  data-label=\"Content\" data-id=\"content--2\" data-export-id=\"content-12\" data-category=\"content\" class=\"content-12 content-section content-section-spacing\" id=\"content-2\" style=\"background-color: rgb(255, 255, 255);\"><div  class=\"gridContainer\"> <div  class=\"row text-center\"><div  class=\"section-title-col\" data-type=\"column\"> <h2  class=\"\"><span  style=\"font-weight: 600;\">Conditions d\u2019admission<\/span><br ><span  style=\"font-weight: 600;\">du Manager d\u2019Affaires<\/span><\/h2> <p  class=\"\" style=\"text-align: justify;\">Le cursus de 2 ans pr\u00e9parant \u00e0 la Certification professionnelle \u00ab Manager d\u2019Affaires \u00bb s\u2019adresse aux apprenants titulaires d\u2019un dipl\u00f4me de niveau 6 (Bac + 3).<br >\nSur demande de d\u00e9rogation, il est n\u00e9anmoins possible d\u2019inscrire des candidats en 1\u00e8re ann\u00e9e s\u2019ils justifient d\u2019un Niveau 6 (Bac + 3) et de 2 ann\u00e9es d\u2019exp\u00e9rience professionnelle dans le secteur.\n<br ><br >\nLa 2\u00e8me ann\u00e9e du cycle pr\u00e9parant \u00e0 la certification professionnelle \u00ab Manager d\u2019Affaires \u00bb Niveau 7 est accessible aux apprenants qui justifient d\u2019un Bac + 4 valid\u00e9 ou \u00e9quivalent inscrit au RNCP ou b\u00e9n\u00e9ficiant d\u2019une proc\u00e9dure de validation des acquis, et d\u2019une dispense d\u2019enseignement des blocs de comp\u00e9tences suivants :<br >\nBloc 1 \u2013 D\u00e9finir et mettre en \u0153uvre une strat\u00e9gie commerciale durable en fonction des objectifs de rentabilit\u00e9 \u00e9conomiques fix\u00e9s par le comit\u00e9 de direction<br >\nBloc 2- D\u00e9velopper l\u2019activit\u00e9 commerciale par la conqu\u00eate et la fid\u00e9lisation client en s\u2019appuyant sur les processus de transformation digitale mis en place par l\u2019entreprise<\/p><\/div> <\/div> <div  class=\"row center-xs middle-xs\"> <div  class=\"col-sm-9\" data-type=\"column\"> <\/div> <\/div><\/div> <\/div><div  data-label=\"Content\" data-id=\"content--3\" data-export-id=\"content-7\" data-category=\"content\" class=\"content-7 content-section content-section-spacing\" id=\"content-3\" style=\"background-color: rgb(245, 250, 253);\"><div  class=\"gridContainer\"> <div  class=\"row middle-sm\"><div  class=\"col-sm-6 space-bottom-xs content-center-sm\" data-type=\"column\">  <p  class=\"\" style=\"text-align: justify;\">La certification professionnelle de \u00ab Manager d\u2019affaires \u00bb enregistr\u00e9e au RNCP pour 3 ans (N\u00b0Fiche 40257) sur d\u00e9cision du directeur de France Com\u00e9ptences en date du 28\/02\/2025, au niveau de qualification 7 (CEC) avec effet jusqu\u2019au 28\/02\/2028 \u2013 Code NSF 310, 312t, 313 \u2013 sous l\u2019autorit\u00e9 et d\u00e9livr\u00e9e par MANITUDE.<br ><br ><br >Manager d&#8217;affaires &#8211; Fiche N&#8221;: RNCP40257 &#8211; Codes NSF 310,312t et 313 &#8211; D\u00e9cision du 28 f\u00e9vrier 2025 portant enregistrement au r\u00e9pertoire national des certifications professionnelles pour trois ans, au niveau 7, avec effet au 28 f\u00e9vrier 2025, jusqu&#8217;au 28 f\u00e9vrier 2028 sous l&#8217;autorit\u00e9 et d\u00e9livr\u00e9 par MANITUDE- Certification accessible via le dispositif VAE.<\/p> <\/div> <div  class=\"col-sm-6 content-center-sm\" data-type=\"column\"> <img  decoding=\"async\" class=\"custom-image\" src=\"https:\/\/dijonformation.com\/wp-content\/uploads\/2026\/01\/cropped-MANITUDE.png\" title=\"cropped-MANITUDE.png\" alt=\"\"><\/div> <\/div><\/div> <\/div><div  data-label=\"Cta\" data-id=\"cta--3\" data-export-id=\"cta-centered-section-grid\" data-category=\"cta\" class=\"cta-centered-section-grid content-section content-section-spacing-medium bg-color1 white-text\" id=\"cta-3\"><div  class=\"gridContainer\"> <div  class=\"row text-center\"><div  class=\"col-xs-12 col-sm-10 col-sm-offset-1 col-md-8 col-md-offset-2\" data-type=\"column\"> <h3  class=\"\">Pour plus d\u2019informations, pr\u00e9inscrivez-vous<\/h3>  <a  class=\"button color-white\" href=\"https:\/\/inscriptions.dijonformation.com\/bienvenue?site=dijon\" target=\"_blank\" data-cp-link=\"1\" data-icon=\"\" rel=\"noopener\">CAMPUS DIJON<\/a><a  class=\"button color-white\" href=\"https:\/\/inscriptions.chalonformation.com\/bienvenue?site=chalon\" target=\"_blank\" data-cp-link=\"1\" data-icon=\"\" rel=\"noopener\">CAMPUS CHALON<\/a><\/div> <\/div><\/div> <\/div>","protected":false},"excerpt":{"rendered":"<p>T\u00e9l\u00e9charger le programme d\u00e9taill\u00e9 de la formation Manager d\u2019Affaires T\u00c9L\u00c9CHARGER Manager d\u2019Affaires Certification professionnelle \u201cManager d\u2019Affaires\u201dOrganisme certificateur : Manitude Fiche RNCP 40257 France Comp\u00e9tencesLe manager d\u2019affaires analyse les besoins de ses futurs clients et des clients d\u00e9j\u00e0 acquis pour construire une offre commerciale sur-mesure et \u00e0 haute valeur ajout\u00e9e. Il g\u00e8re un portefeuille clients et&hellip; <br \/> <a class=\"read-more\" href=\"https:\/\/dijonformation.com\/index.php\/manager-affaires\/\">Read more<\/a><\/p>\n","protected":false},"author":1,"featured_media":0,"parent":0,"menu_order":0,"comment_status":"closed","ping_status":"closed","template":"pro\/page-templates\/full-width-page.php","meta":{"om_disable_all_campaigns":false,"_uf_show_specific_survey":0,"_uf_disable_surveys":false,"footnotes":""},"class_list":["post-6538","page","type-page","status-publish","hentry"],"aioseo_notices":[],"yoast_head":"<!-- This site is optimized with the Yoast SEO plugin v26.8 - https:\/\/yoast.com\/product\/yoast-seo-wordpress\/ -->\n<title>Manager d&#039;Affaires - Dijon Formation<\/title>\n<meta name=\"robots\" content=\"index, follow, max-snippet:-1, max-image-preview:large, max-video-preview:-1\" \/>\n<link rel=\"canonical\" href=\"https:\/\/dijonformation.com\/index.php\/manager-affaires\/\" \/>\n<meta property=\"og:locale\" content=\"fr_FR\" \/>\n<meta property=\"og:type\" content=\"article\" \/>\n<meta property=\"og:title\" content=\"Manager d&#039;Affaires - Dijon Formation\" \/>\n<meta property=\"og:description\" content=\"T\u00e9l\u00e9charger le programme d\u00e9taill\u00e9 de la formation Manager d\u2019Affaires T\u00c9L\u00c9CHARGER Manager d\u2019Affaires Certification professionnelle \u201cManager d\u2019Affaires\u201dOrganisme certificateur : Manitude Fiche RNCP 40257 France Comp\u00e9tencesLe manager d\u2019affaires analyse les besoins de ses futurs clients et des clients d\u00e9j\u00e0 acquis pour construire une offre commerciale sur-mesure et \u00e0 haute valeur ajout\u00e9e. Il g\u00e8re un portefeuille clients et&hellip; Read more\" \/>\n<meta property=\"og:url\" content=\"https:\/\/dijonformation.com\/index.php\/manager-affaires\/\" \/>\n<meta property=\"og:site_name\" content=\"Dijon Formation\" \/>\n<meta property=\"article:publisher\" content=\"https:\/\/www.facebook.com\/dijonfo\/\" \/>\n<meta property=\"article:modified_time\" content=\"2026-01-30T14:36:46+00:00\" \/>\n<meta property=\"og:image\" content=\"https:\/\/dijonformation.com\/wp-content\/uploads\/2026\/01\/cropped-MANITUDE.png\" \/>\n<meta name=\"twitter:card\" content=\"summary_large_image\" \/>\n<meta name=\"twitter:label1\" content=\"Dur\u00e9e de lecture estim\u00e9e\" \/>\n\t<meta name=\"twitter:data1\" content=\"6 minutes\" \/>\n<script type=\"application\/ld+json\" class=\"yoast-schema-graph\">{\"@context\":\"https:\/\/schema.org\",\"@graph\":[{\"@type\":\"WebPage\",\"@id\":\"https:\/\/dijonformation.com\/index.php\/manager-affaires\/\",\"url\":\"https:\/\/dijonformation.com\/index.php\/manager-affaires\/\",\"name\":\"Manager d'Affaires - Dijon Formation\",\"isPartOf\":{\"@id\":\"https:\/\/dijonformation.com\/#website\"},\"primaryImageOfPage\":{\"@id\":\"https:\/\/dijonformation.com\/index.php\/manager-affaires\/#primaryimage\"},\"image\":{\"@id\":\"https:\/\/dijonformation.com\/index.php\/manager-affaires\/#primaryimage\"},\"thumbnailUrl\":\"https:\/\/dijonformation.com\/wp-content\/uploads\/2026\/01\/cropped-MANITUDE.png\",\"datePublished\":\"2026-01-29T16:39:34+00:00\",\"dateModified\":\"2026-01-30T14:36:46+00:00\",\"breadcrumb\":{\"@id\":\"https:\/\/dijonformation.com\/index.php\/manager-affaires\/#breadcrumb\"},\"inLanguage\":\"fr-FR\",\"potentialAction\":[{\"@type\":\"ReadAction\",\"target\":[\"https:\/\/dijonformation.com\/index.php\/manager-affaires\/\"]}]},{\"@type\":\"ImageObject\",\"inLanguage\":\"fr-FR\",\"@id\":\"https:\/\/dijonformation.com\/index.php\/manager-affaires\/#primaryimage\",\"url\":\"https:\/\/dijonformation.com\/wp-content\/uploads\/2026\/01\/cropped-MANITUDE.png\",\"contentUrl\":\"https:\/\/dijonformation.com\/wp-content\/uploads\/2026\/01\/cropped-MANITUDE.png\",\"width\":581,\"height\":210},{\"@type\":\"BreadcrumbList\",\"@id\":\"https:\/\/dijonformation.com\/index.php\/manager-affaires\/#breadcrumb\",\"itemListElement\":[{\"@type\":\"ListItem\",\"position\":1,\"name\":\"Accueil\",\"item\":\"https:\/\/dijonformation.com\/\"},{\"@type\":\"ListItem\",\"position\":2,\"name\":\"Manager d&#8217;Affaires\"}]},{\"@type\":\"WebSite\",\"@id\":\"https:\/\/dijonformation.com\/#website\",\"url\":\"https:\/\/dijonformation.com\/\",\"name\":\"Dijon Formation\",\"description\":\"Dijon Formation l&#039;\u00e9cole sup\u00e9rieure 100% alternance de Bac +2 \u00e0 Bac +5\",\"publisher\":{\"@id\":\"https:\/\/dijonformation.com\/#organization\"},\"potentialAction\":[{\"@type\":\"SearchAction\",\"target\":{\"@type\":\"EntryPoint\",\"urlTemplate\":\"https:\/\/dijonformation.com\/?s={search_term_string}\"},\"query-input\":{\"@type\":\"PropertyValueSpecification\",\"valueRequired\":true,\"valueName\":\"search_term_string\"}}],\"inLanguage\":\"fr-FR\"},{\"@type\":\"Organization\",\"@id\":\"https:\/\/dijonformation.com\/#organization\",\"name\":\"Dijon Formation\",\"url\":\"https:\/\/dijonformation.com\/\",\"logo\":{\"@type\":\"ImageObject\",\"inLanguage\":\"fr-FR\",\"@id\":\"https:\/\/dijonformation.com\/#\/schema\/logo\/image\/\",\"url\":\"https:\/\/dijonformation.com\/wp-content\/uploads\/2024\/03\/cropped-LOGO-SITE-DIJON-ISMACC-1.png\",\"contentUrl\":\"https:\/\/dijonformation.com\/wp-content\/uploads\/2024\/03\/cropped-LOGO-SITE-DIJON-ISMACC-1.png\",\"width\":3248,\"height\":512,\"caption\":\"Dijon Formation\"},\"image\":{\"@id\":\"https:\/\/dijonformation.com\/#\/schema\/logo\/image\/\"},\"sameAs\":[\"https:\/\/www.facebook.com\/dijonfo\/\",\"https:\/\/www.linkedin.com\/company\/dijon-formation\",\"https:\/\/www.instagram.com\/dijon_formation\/\"]}]}<\/script>\n<!-- \/ Yoast SEO plugin. -->","yoast_head_json":{"title":"Manager d'Affaires - Dijon Formation","robots":{"index":"index","follow":"follow","max-snippet":"max-snippet:-1","max-image-preview":"max-image-preview:large","max-video-preview":"max-video-preview:-1"},"canonical":"https:\/\/dijonformation.com\/index.php\/manager-affaires\/","og_locale":"fr_FR","og_type":"article","og_title":"Manager d'Affaires - Dijon Formation","og_description":"T\u00e9l\u00e9charger le programme d\u00e9taill\u00e9 de la formation Manager d\u2019Affaires T\u00c9L\u00c9CHARGER Manager d\u2019Affaires Certification professionnelle \u201cManager d\u2019Affaires\u201dOrganisme certificateur : Manitude Fiche RNCP 40257 France Comp\u00e9tencesLe manager d\u2019affaires analyse les besoins de ses futurs clients et des clients d\u00e9j\u00e0 acquis pour construire une offre commerciale sur-mesure et \u00e0 haute valeur ajout\u00e9e. Il g\u00e8re un portefeuille clients et&hellip; Read more","og_url":"https:\/\/dijonformation.com\/index.php\/manager-affaires\/","og_site_name":"Dijon Formation","article_publisher":"https:\/\/www.facebook.com\/dijonfo\/","article_modified_time":"2026-01-30T14:36:46+00:00","og_image":[{"url":"https:\/\/dijonformation.com\/wp-content\/uploads\/2026\/01\/cropped-MANITUDE.png","type":"","width":"","height":""}],"twitter_card":"summary_large_image","twitter_misc":{"Dur\u00e9e de lecture estim\u00e9e":"6 minutes"},"schema":{"@context":"https:\/\/schema.org","@graph":[{"@type":"WebPage","@id":"https:\/\/dijonformation.com\/index.php\/manager-affaires\/","url":"https:\/\/dijonformation.com\/index.php\/manager-affaires\/","name":"Manager d'Affaires - Dijon Formation","isPartOf":{"@id":"https:\/\/dijonformation.com\/#website"},"primaryImageOfPage":{"@id":"https:\/\/dijonformation.com\/index.php\/manager-affaires\/#primaryimage"},"image":{"@id":"https:\/\/dijonformation.com\/index.php\/manager-affaires\/#primaryimage"},"thumbnailUrl":"https:\/\/dijonformation.com\/wp-content\/uploads\/2026\/01\/cropped-MANITUDE.png","datePublished":"2026-01-29T16:39:34+00:00","dateModified":"2026-01-30T14:36:46+00:00","breadcrumb":{"@id":"https:\/\/dijonformation.com\/index.php\/manager-affaires\/#breadcrumb"},"inLanguage":"fr-FR","potentialAction":[{"@type":"ReadAction","target":["https:\/\/dijonformation.com\/index.php\/manager-affaires\/"]}]},{"@type":"ImageObject","inLanguage":"fr-FR","@id":"https:\/\/dijonformation.com\/index.php\/manager-affaires\/#primaryimage","url":"https:\/\/dijonformation.com\/wp-content\/uploads\/2026\/01\/cropped-MANITUDE.png","contentUrl":"https:\/\/dijonformation.com\/wp-content\/uploads\/2026\/01\/cropped-MANITUDE.png","width":581,"height":210},{"@type":"BreadcrumbList","@id":"https:\/\/dijonformation.com\/index.php\/manager-affaires\/#breadcrumb","itemListElement":[{"@type":"ListItem","position":1,"name":"Accueil","item":"https:\/\/dijonformation.com\/"},{"@type":"ListItem","position":2,"name":"Manager d&#8217;Affaires"}]},{"@type":"WebSite","@id":"https:\/\/dijonformation.com\/#website","url":"https:\/\/dijonformation.com\/","name":"Dijon Formation","description":"Dijon Formation l&#039;\u00e9cole sup\u00e9rieure 100% alternance de Bac +2 \u00e0 Bac +5","publisher":{"@id":"https:\/\/dijonformation.com\/#organization"},"potentialAction":[{"@type":"SearchAction","target":{"@type":"EntryPoint","urlTemplate":"https:\/\/dijonformation.com\/?s={search_term_string}"},"query-input":{"@type":"PropertyValueSpecification","valueRequired":true,"valueName":"search_term_string"}}],"inLanguage":"fr-FR"},{"@type":"Organization","@id":"https:\/\/dijonformation.com\/#organization","name":"Dijon Formation","url":"https:\/\/dijonformation.com\/","logo":{"@type":"ImageObject","inLanguage":"fr-FR","@id":"https:\/\/dijonformation.com\/#\/schema\/logo\/image\/","url":"https:\/\/dijonformation.com\/wp-content\/uploads\/2024\/03\/cropped-LOGO-SITE-DIJON-ISMACC-1.png","contentUrl":"https:\/\/dijonformation.com\/wp-content\/uploads\/2024\/03\/cropped-LOGO-SITE-DIJON-ISMACC-1.png","width":3248,"height":512,"caption":"Dijon Formation"},"image":{"@id":"https:\/\/dijonformation.com\/#\/schema\/logo\/image\/"},"sameAs":["https:\/\/www.facebook.com\/dijonfo\/","https:\/\/www.linkedin.com\/company\/dijon-formation","https:\/\/www.instagram.com\/dijon_formation\/"]}]}},"_links":{"self":[{"href":"https:\/\/dijonformation.com\/index.php\/wp-json\/wp\/v2\/pages\/6538","targetHints":{"allow":["GET"]}}],"collection":[{"href":"https:\/\/dijonformation.com\/index.php\/wp-json\/wp\/v2\/pages"}],"about":[{"href":"https:\/\/dijonformation.com\/index.php\/wp-json\/wp\/v2\/types\/page"}],"author":[{"embeddable":true,"href":"https:\/\/dijonformation.com\/index.php\/wp-json\/wp\/v2\/users\/1"}],"replies":[{"embeddable":true,"href":"https:\/\/dijonformation.com\/index.php\/wp-json\/wp\/v2\/comments?post=6538"}],"version-history":[{"count":9,"href":"https:\/\/dijonformation.com\/index.php\/wp-json\/wp\/v2\/pages\/6538\/revisions"}],"predecessor-version":[{"id":6568,"href":"https:\/\/dijonformation.com\/index.php\/wp-json\/wp\/v2\/pages\/6538\/revisions\/6568"}],"wp:attachment":[{"href":"https:\/\/dijonformation.com\/index.php\/wp-json\/wp\/v2\/media?parent=6538"}],"curies":[{"name":"wp","href":"https:\/\/api.w.org\/{rel}","templated":true}]}}